{"id":6368,"date":"2022-04-19T07:17:41","date_gmt":"2022-04-19T07:17:41","guid":{"rendered":"https:\/\/sagalearningprogramme.eu\/?page_id=6368"},"modified":"2022-05-27T15:42:12","modified_gmt":"2022-05-27T15:42:12","slug":"module-3","status":"publish","type":"page","link":"https:\/\/sagalearningprogramme.eu\/hu\/module-3\/","title":{"rendered":"3. MODUL"},"content":{"rendered":"<div data-elementor-type=\"wp-page\" data-elementor-id=\"6368\" class=\"elementor elementor-6368\">\n\t\t\t\t\t\t<section class=\"elementor-section elementor-top-section elementor-element elementor-element-7d2f7e0d elementor-section-boxed elementor-section-height-default elementor-section-height-default\" data-id=\"7d2f7e0d\" data-element_type=\"section\" data-e-type=\"section\">\n\t\t\t\t\t\t<div class=\"elementor-container elementor-column-gap-default\">\n\t\t\t\t\t<div class=\"elementor-column elementor-col-100 elementor-top-column elementor-element elementor-element-7132ac4b\" data-id=\"7132ac4b\" data-element_type=\"column\" data-e-type=\"column\">\n\t\t\t<div class=\"elementor-widget-wrap elementor-element-populated\">\n\t\t\t\t\t\t<div class=\"elementor-element elementor-element-6f6f5062 elementor-widget elementor-widget-heading\" data-id=\"6f6f5062\" data-element_type=\"widget\" data-e-type=\"widget\" data-widget_type=\"heading.default\">\n\t\t\t\t<div class=\"elementor-widget-container\">\n\t\t\t\t\t<h2 class=\"elementor-heading-title elementor-size-default\">1. TANEGYS\u00c9G<\/h2>\t\t\t\t<\/div>\n\t\t\t\t<\/div>\n\t\t\t\t<div class=\"elementor-element elementor-element-3bbafca3 elementor-widget elementor-widget-text-editor\" data-id=\"3bbafca3\" data-element_type=\"widget\" data-e-type=\"widget\" data-widget_type=\"text-editor.default\">\n\t\t\t\t<div class=\"elementor-widget-container\">\n\t\t\t\t\t\t\t\t\t<p>A megfelel\u0151 szervez\u00e9si k\u00e9szs\u00e9gek hi\u00e1nya negat\u00edvan befoly\u00e1solhatja a v\u00e1llalkoz\u00e1s m\u0171k\u00f6d\u00e9s\u00e9t, ami hatv\u00e1nyozottan igaz a t\u00e1rsadalmi v\u00e1llalkoz\u00e1sokra, ahol - ide\u00e1lis esetben - egy t\u00e1rsadalmi k\u00fcldet\u00e9s\/\u00fcgy \u00e9s nem a profit \u00e1ll a k\u00f6z\u00e9ppontban. A profitot k\u00f6nny\u0171 m\u00e9rni, az erk\u00f6lcsi, etikai k\u00e9rd\u00e9sek viszont nem sz\u00e1mszer\u0171s\u00edthet\u0151k. Ezen nehezen m\u00e9rhet\u0151 c\u00e9lok el\u00e9r\u00e9se megt\u00e9vesztheti azokat a vezet\u0151ket, akik annyira igyekeznek a v\u00e1llalkoz\u00e1s t\u00e1rsadalmi k\u00fcldet\u00e9s\u00e9re koncentr\u00e1lni, hogy m\u00e1s fontos szempontokat nem vesznek figyelembe szervezet\u00fck m\u0171k\u00f6dtet\u00e9sekor.  Az al\u00e1bbi, rom\u00e1niai esettanulm\u00e1nyban a homor\u00f3dalm\u00e1si Farm toursim business k\u00e9pvisel\u0151je a vele k\u00e9sz\u00edtett interj\u00fa sor\u00e1n a szervez\u00e9si \u00e9s vezet\u0151i k\u00e9pess\u00e9gek fontoss\u00e1g\u00e1t emelte ki.<\/p>\n<p>A S\u00e1ndor\u00e9k egy kis v\u00e1llalkoz\u00e1st \u00fczemeltetnek, amely mostanra h\u00e1rom csal\u00e1dnak garant\u00e1lja a biztos meg\u00e9lhet\u00e9st. H\u00e1rom gener\u00e1ci\u00f3 dolgozik egy\u00fctt napi szinten, ami \u2013 belegondolva a k\u00f6zt\u00fck l\u00e9v\u0151 gener\u00e1ci\u00f3s k\u00fcl\u00f6nbs\u00e9gekbe - n\u00e9ha neh\u00e9zs\u00e9ggel j\u00e1r m\u00e9g a mindennapi \u00e9letben is, nem besz\u00e9lve a rendszeres k\u00f6z\u00f6s munk\u00e1r\u00f3l. De Homor\u00f3dalm\u00e1son a sz\u00fcl\u0151f\u00f6ld, a felebar\u00e1tok \u00e9s a hivat\u00e1suk ir\u00e1nti szeretet\u00fck \u201e\u00f6sszetartja\u201d az embereket. Amit sokan nem l\u00e1tnak, az az, hogy siker\u00fck kulcsa a gondos tervez\u00e9s \u00e9s a j\u00f3 szervez\u0151k\u00e9szs\u00e9g.<\/p>\n<p>A tejet termel\u0151 rom\u00e1niai gazd\u00e1k k\u00f6z\u00fcl sokan kiszolg\u00e1ltatottak, mert term\u00e9k\u00fck alacsony \u00e1ra, amelyet a feldolgoz\u00f3 v\u00e1llalkoz\u00e1sok \u00e1rszab\u00e1sa er\u0151sen befoly\u00e1sol, az uni\u00f3s t\u00e1mogat\u00e1sokt\u00f3l \u00e9s a korm\u00e1nyt\u00f3l is f\u00fcgg. Ez az oka annak, hogy S\u00e1ndor\u00e9k \u00fagy d\u00f6nt\u00f6ttek, hogy saj\u00e1t tejet dolgoznak fel, ami mer\u00e9sz v\u00e1llal\u00e1s, ha valaki nem tervezi meg kell\u0151en az \u00fczleti modell\u00e9t. Ebben az \u00f6sszef\u00fcgg\u00e9sben fel\u00e9rt\u00e9kel\u0151dik a szervez\u00e9si k\u00e9szs\u00e9gek szerepe. Egy ilyen v\u00e1llalkoz\u00e1s megalap\u00edt\u00e1s\u00e1hoz m\u00e9lyrehat\u00f3 ismeretekkel kell rendelkezni a tejterm\u00e9k el\u0151\u00e1ll\u00edt\u00e1s\u00e1val kapcsolatban, ismerni kell a helyi viszonyokat \u00e9s lehet\u0151s\u00e9geket, valamint meg kell tervezni egy olyan rendszert, amely elegend\u0151 nyeres\u00e9get tud termelni \u00e9s emellett a kit\u0171z\u00f6tt t\u00e1rsadalmi c\u00e9l is folyamatosan fenntarthat\u00f3. De ami a legfontosabb, nem el\u00e9g tervezni, meg is kell val\u00f3s\u00edtani azt. S\u00e1ndor\u00e9k, miut\u00e1n r\u00e1j\u00f6ttek, hogy a tejtermel\u00e9s nem t\u00fal j\u00f6vedelmez\u0151 tev\u00e9kenys\u00e9g, \u00fagy d\u00f6nt\u00f6ttek, hogy olyan v\u00e1llalkoz\u00e1st alap\u00edtanak, amely nem csak ezzel foglalkozik, hanem fel is dolgozza a tejet \u00e9s olyan term\u00e9keket \u00e1ll\u00edt el\u0151, amelyek r\u00f6vid ell\u00e1t\u00e1si l\u00e1ncon kereszt\u00fcl, k\u00f6zvetlen\u00fcl \u00e9rt\u00e9kes\u00edthet\u0151k a fogyaszt\u00f3knak. Mindezt \u00fagy, hogy megtartj\u00e1k a v\u00e1llalkoz\u00e1s csal\u00e1di jelleg\u00e9t, nem alkalmaznak k\u00fcls\u0151 munkaer\u0151t, de egy\u00fcttm\u0171k\u00f6dnek a helyi termel\u0151kkel \u00e9s szolg\u00e1ltat\u00f3kkal, \u00edgy t\u00e1mogatva a helyi k\u00f6z\u00f6ss\u00e9g gazdas\u00e1g\u00e1t.  A tulajdonosok nyitottak olyan term\u00e9kek \u00e9s turisztikai szolg\u00e1ltat\u00e1sok bevezet\u00e9s\u00e9re \u00e9s folyamatos fejleszt\u00e9s\u00e9re, amelyek pozit\u00edvan befoly\u00e1solj\u00e1k a helyi k\u00f6z\u00f6ss\u00e9g\u00fck n\u00f6veked\u00e9s\u00e9t.<\/p>\n<p>Egy ilyen v\u00e1llalkoz\u00e1s m\u0171k\u00f6dtet\u00e9se kiemelked\u0151 szervez\u00e9si k\u00e9szs\u00e9geket ig\u00e9nyel a p\u00e9nz\u00fcgyi \u00e9s t\u00e1rsadalmi c\u00e9lok k\u00f6z\u00f6tti egyens\u00faly fenntart\u00e1s\u00e1hoz. Ez els\u0151re lehet, hogy neh\u00e9znek hangzik, de nem lehetetlen.<\/p>\n<p>Ami fontos, ismerni kell az \u00f6sszes t\u00e9nyez\u0151t, \u00e9s \u00e1t kell l\u00e1tni a folyamatokat.<\/p>\n\t\t\t\t\t\t\t\t<\/div>\n\t\t\t\t<\/div>\n\t\t\t\t<div class=\"elementor-element elementor-element-c8f8fe4 elementor-widget-divider--view-line elementor-widget elementor-widget-divider\" data-id=\"c8f8fe4\" data-element_type=\"widget\" data-e-type=\"widget\" data-widget_type=\"divider.default\">\n\t\t\t\t<div class=\"elementor-widget-container\">\n\t\t\t\t\t\t\t<div class=\"elementor-divider\">\n\t\t\t<span class=\"elementor-divider-separator\">\n\t\t\t\t\t\t<\/span>\n\t\t<\/div>\n\t\t\t\t\t\t<\/div>\n\t\t\t\t<\/div>\n\t\t\t\t\t<\/div>\n\t\t<\/div>\n\t\t\t\t\t<\/div>\n\t\t<\/section>\n\t\t\t\t<section class=\"elementor-section elementor-top-section elementor-element elementor-element-572eef9 elementor-section-boxed elementor-section-height-default elementor-section-height-default\" data-id=\"572eef9\" data-element_type=\"section\" data-e-type=\"section\">\n\t\t\t\t\t\t<div class=\"elementor-container elementor-column-gap-default\">\n\t\t\t\t\t<div class=\"elementor-column elementor-col-100 elementor-top-column elementor-element elementor-element-7adc1ef\" data-id=\"7adc1ef\" data-element_type=\"column\" data-e-type=\"column\">\n\t\t\t<div class=\"elementor-widget-wrap elementor-element-populated\">\n\t\t\t\t\t\t<div class=\"elementor-element elementor-element-dcdc2be elementor-widget elementor-widget-heading\" data-id=\"dcdc2be\" data-element_type=\"widget\" data-e-type=\"widget\" data-widget_type=\"heading.default\">\n\t\t\t\t<div class=\"elementor-widget-container\">\n\t\t\t\t\t<h2 class=\"elementor-heading-title elementor-size-default\">2. TANEGYS\u00c9G<\/h2>\t\t\t\t<\/div>\n\t\t\t\t<\/div>\n\t\t\t\t<div class=\"elementor-element elementor-element-c3a54ca elementor-widget elementor-widget-image\" data-id=\"c3a54ca\" data-element_type=\"widget\" data-e-type=\"widget\" data-widget_type=\"image.default\">\n\t\t\t\t<div class=\"elementor-widget-container\">\n\t\t\t\t\t\t\t\t\t\t\t\t\t\t\t<img fetchpriority=\"high\" decoding=\"async\" width=\"303\" height=\"303\" src=\"https:\/\/sagalearningprogramme.eu\/wp-content\/uploads\/2022\/03\/M4_U1_img1.jpg\" class=\"attachment-large size-large wp-image-6226\" alt=\"\" srcset=\"https:\/\/sagalearningprogramme.eu\/wp-content\/uploads\/2022\/03\/M4_U1_img1.jpg 303w, https:\/\/sagalearningprogramme.eu\/wp-content\/uploads\/2022\/03\/M4_U1_img1-300x300.jpg 300w, https:\/\/sagalearningprogramme.eu\/wp-content\/uploads\/2022\/03\/M4_U1_img1-100x100.jpg 100w, https:\/\/sagalearningprogramme.eu\/wp-content\/uploads\/2022\/03\/M4_U1_img1-150x150.jpg 150w, https:\/\/sagalearningprogramme.eu\/wp-content\/uploads\/2022\/03\/M4_U1_img1-12x12.jpg 12w, https:\/\/sagalearningprogramme.eu\/wp-content\/uploads\/2022\/03\/M4_U1_img1-75x75.jpg 75w, https:\/\/sagalearningprogramme.eu\/wp-content\/uploads\/2022\/03\/M4_U1_img1-129x129.jpg 129w, https:\/\/sagalearningprogramme.eu\/wp-content\/uploads\/2022\/03\/M4_U1_img1-69x69.jpg 69w\" sizes=\"(max-width: 303px) 100vw, 303px\" \/>\t\t\t\t\t\t\t\t\t\t\t\t\t\t\t<\/div>\n\t\t\t\t<\/div>\n\t\t\t\t<div class=\"elementor-element elementor-element-c1caa4c elementor-widget elementor-widget-text-editor\" data-id=\"c1caa4c\" data-element_type=\"widget\" data-e-type=\"widget\" data-widget_type=\"text-editor.default\">\n\t\t\t\t<div class=\"elementor-widget-container\">\n\t\t\t\t\t\t\t\t\t<p><strong>C\u00e1ceres para Com\u00e9rselo<\/strong><\/p>\n<p>Az ACTYVA Sz\u00f6vetkezet egy olyan kezdem\u00e9nyez\u00e9s, amely a termel\u0151, alternat\u00edv \u00e9s szolid\u00e1ris gazdas\u00e1gi projektek, valamint az ezek k\u00f6z\u00f6tti \u00e9s a k\u00f6zvetlen k\u00f6rnyezet\u00fckkel val\u00f3 kapcsolatok l\u00e9trehoz\u00e1s\u00e1nak el\u0151seg\u00edt\u00e9se \u00e9rdek\u00e9ben j\u00f6tt l\u00e9tre, tov\u00e1bb\u00e1 c\u00e9lja, hogy helyi szinten \u00fajraind\u00edtsa a gazdas\u00e1gi folyamatokat Extremadur\u00e1ban.\u00a0<\/p>\n<p>Az ACTYVA a gazdas\u00e1gi aktiv\u00e1l\u00e1s h\u00e1l\u00f3zat\u00e1v\u00e1 k\u00edv\u00e1nt v\u00e1lni, minden szinten \u00e9s minden \u00e1gazatban egy\u00fcttm\u0171k\u00f6d\u00e9sek kialak\u00edt\u00e1s\u00e1ra t\u00f6rekedett, szinergi\u00e1kat hozott l\u00e9tre, \u00e9s olyan integr\u00e1lt \u00f6nmenedzsel\u00e9si modellekben \u00e9s megold\u00e1sokban haladt el\u0151re, amelyek jelent\u0151s (szem\u00e9lyes, t\u00e1rsadalmi \u00e9s k\u00f6rnyezeti) el\u0151ny\u00f6kkel j\u00e1rnak mind a gazdas\u00e1gi k\u00f6rnyezet mind a k\u00f6z\u00f6ss\u00e9g sz\u00e1m\u00e1ra.<\/p>\n<p>A C\u00e1ceres para Com\u00e9rselo ennek a sz\u00f6vetkezetnek a projektje, egy 10 f\u0151n\u00e9l kevesebb alkalmazottat foglalkoztat\u00f3 kezdem\u00e9nyez\u00e9s, amely sz\u00f6vetkezetk\u00e9nt m\u0171k\u00f6dik, 6-10 \u00e9ves tapasztalattal rendelkezik a k\u00f6vetkez\u0151 \u00e1gazatokban: mez\u0151gazdas\u00e1g, erd\u00e9szet \u00e9s hal\u00e1szat, agr\u00e1r-\u00e9lelmiszeripar \u00e9s turizmus, gasztron\u00f3mia, \u00e9lelmiszer-kiskereskedelem \u00e9s konyham\u0171v\u00e9szet, sz\u00f3rakoz\u00e1s \u00e9s szabadid\u0151. \u00c9tkeztet\u00e9ssel, \u00e9lelmiszer el\u0151\u00e1ll\u00edt\u00e1s\u00e1val \u00e9s szolg\u00e1ltat\u00e1s\u00e1val, valamint szabadid\u0151s tev\u00e9kenys\u00e9gekkel kapcsolatos szolg\u00e1ltat\u00e1sokat ny\u00fajt.<\/p>\n<p>A term\u00e9kek k\u00f6zvetlen\u00fcl a C\u00e1cereshez lehet\u0151 legk\u00f6zelebb \u00e9l\u0151 termel\u0151kt\u00f3l, feldolgoz\u00f3kt\u00f3l sz\u00e1rmaznak, olyan kiv\u00e9telekt\u0151l eltekintve, mint p\u00e9ld\u00e1ul a teljes n\u00e1dcukor. Olyan termel\u0151kr\u0151l r\u00e9szei a h\u00e1l\u00f3zatnak, akik t\u00f6bb \u00e9vnyi tapasztalattal rendelkeznek term\u00e9nyeink el\u0151\u00e1ll\u00edt\u00e1sa sor\u00e1n, kezel\u00e9se, forgalmaz\u00e1sa \u00e9s a fogyaszt\u00f3khoz val\u00f3 k\u00f6zvetlen eljuttat\u00e1sa ir\u00e1nt k\u00f6r\u00fcltekint\u0151en j\u00e1rnak el \u00e9s \u00fagy d\u00f6nt\u00f6ttek, hogy portf\u00f3li\u00f3jukat egyetlen k\u00f6z\u00f6s k\u00edn\u00e1latba csoportos\u00edtj\u00e1k, valamint a t\u00f6bbi k\u00f6z\u00f6s feladat elv\u00e9gz\u00e9s\u00e9ben hat\u00e9konyan r\u00e9szt vesznek, mik\u00f6zben ugyanazt az egys\u00e9ges filoz\u00f3fi\u00e1t tartj\u00e1k szem el\u0151tt.<\/p>\n<p>A szervezet a term\u00e9kek \u00e9s szolg\u00e1ltat\u00e1sok k\u00f6z\u00f6s tervez\u00e9s\u00e9t \u00e9s k\u00f6z\u00f6s l\u00e9trehoz\u00e1s\u00e1t \u00e9s\/vagy \u00e9rt\u00e9kes\u00edt\u00e9s\u00e9t rendszeresen v\u00e9gzi m\u00e1s szervezetekkel, t\u00f6bbek k\u00f6z\u00f6tt m\u00e1s szoci\u00e1lis v\u00e1llalkoz\u00e1sokkal vagy t\u00e1rsadalmi szervezetekkel, helyi\/region\u00e1lis szint\u0171 hat\u00f3s\u00e1gokkal, mez\u0151gazdas\u00e1gi termel\u0151kkel \u00e9s \u00e9lelmiszertermel\u0151kkel, valamint a vend\u00e9gl\u00e1t\u00f3iparban m\u0171k\u00f6d\u0151 v\u00e1llalatokkal vagy szervezetekkel, nem korm\u00e1nyzati szervezetekkel, oktat\u00e1si szervezetekkel.<\/p>\n<p>A fent eml\u00edtett h\u00e1l\u00f3zatban kialak\u00edtott szakmai kapcsolatok \u00e9s k\u00f6lcs\u00f6nhat\u00e1sok az ACTYVA tagjainak f\u00f3rumokon val\u00f3 r\u00e9szv\u00e9tele, m\u00e1s partnerekkel val\u00f3 hivatalos tal\u00e1lkoz\u00f3k, h\u00e1l\u00f3zati rendezv\u00e9nyek, illetve a kifejezetten az egy\u00fcttm\u0171k\u00f6d\u00e9s \u00e9s az innov\u00e1ci\u00f3 \u00e9rdek\u00e9ben szervezett m\u0171helymunk\u00e1kon val\u00f3 r\u00e9szv\u00e9tel r\u00e9v\u00e9n val\u00f3sulnak meg. A v\u00e1llalkoz\u00e1si folyamat k\u00f6z\u00f6s megval\u00f3s\u00edt\u00e1sa fontos hajt\u00f3ereje volt ennek a kezdem\u00e9nyez\u00e9snek. Ebben a vonatkoz\u00e1sban az alap\u00edt\u00f3 \u00fagy v\u00e9li, hogy t\u00f6bbek k\u00f6z\u00f6tt a koll\u00e9g\u00e1kkal\/bar\u00e1tokkal folytatott inform\u00e1ci\u00f3- \u00e9s tapasztalatcser\u00e9nek (coaching stb.) k\u00f6sz\u00f6nhet\u0151en szerezte meg ismereteit az \u00fczleti vezet\u00e9s, a k\u00f6z\u00f6s alkot\u00e1s ter\u00e9n.<\/p>\n<p>R\u00e1mutat arra, hogy sz\u00fcks\u00e9g lenne \u00fczletemberek \u00e9s v\u00e1llalkoz\u00f3k, szoci\u00e1lis vagy egy\u00e9b v\u00e1llalkoz\u00f3k k\u00e9pz\u00e9s\u00e9re olyan ter\u00fcleteken, mint p\u00e9ld\u00e1ul a teljes \u00e9rt\u00e9kl\u00e1ncot figyelembe vev\u0151 egy\u00fcttm\u0171k\u00f6d\u00e9si projektek bels\u0151 ir\u00e1ny\u00edt\u00e1sa, \u00e1tfog\u00f3 megval\u00f3s\u00edt\u00e1sa. Egyet\u00e9rtenek azzal, hogy a t\u00e1mogat\u00f3 k\u00f6z\u00f6ss\u00e9g alapvet\u0151 fontoss\u00e1g\u00fa a szoci\u00e1lis v\u00e1llalkoz\u00e1sok fenntarthat\u00f3s\u00e1ga szempontj\u00e1b\u00f3l, mivel azok nem tudnak \u00f6n\u00e1ll\u00f3an \u00e9s a k\u00f6z\u00f6ss\u00e9g\u00fckt\u0151l elszigetelten m\u0171k\u00f6dni.<\/p>\n\t\t\t\t\t\t\t\t<\/div>\n\t\t\t\t<\/div>\n\t\t\t\t<div class=\"elementor-element elementor-element-0240be3 elementor-widget-divider--view-line elementor-widget elementor-widget-divider\" data-id=\"0240be3\" data-element_type=\"widget\" data-e-type=\"widget\" data-widget_type=\"divider.default\">\n\t\t\t\t<div class=\"elementor-widget-container\">\n\t\t\t\t\t\t\t<div class=\"elementor-divider\">\n\t\t\t<span class=\"elementor-divider-separator\">\n\t\t\t\t\t\t<\/span>\n\t\t<\/div>\n\t\t\t\t\t\t<\/div>\n\t\t\t\t<\/div>\n\t\t\t\t\t<\/div>\n\t\t<\/div>\n\t\t\t\t\t<\/div>\n\t\t<\/section>\n\t\t\t\t<section class=\"elementor-section elementor-top-section elementor-element elementor-element-f3a5386 elementor-section-boxed elementor-section-height-default elementor-section-height-default\" data-id=\"f3a5386\" data-element_type=\"section\" data-e-type=\"section\">\n\t\t\t\t\t\t<div class=\"elementor-container elementor-column-gap-default\">\n\t\t\t\t\t<div class=\"elementor-column elementor-col-100 elementor-top-column elementor-element elementor-element-f3eaf20\" data-id=\"f3eaf20\" data-element_type=\"column\" data-e-type=\"column\">\n\t\t\t<div class=\"elementor-widget-wrap elementor-element-populated\">\n\t\t\t\t\t\t<div class=\"elementor-element elementor-element-6ee41ad elementor-widget elementor-widget-heading\" data-id=\"6ee41ad\" data-element_type=\"widget\" data-e-type=\"widget\" data-widget_type=\"heading.default\">\n\t\t\t\t<div class=\"elementor-widget-container\">\n\t\t\t\t\t<h2 class=\"elementor-heading-title elementor-size-default\">3. TANEGYS\u00c9G<\/h2>\t\t\t\t<\/div>\n\t\t\t\t<\/div>\n\t\t\t\t<div class=\"elementor-element elementor-element-15de87d elementor-widget elementor-widget-image\" data-id=\"15de87d\" data-element_type=\"widget\" data-e-type=\"widget\" data-widget_type=\"image.default\">\n\t\t\t\t<div class=\"elementor-widget-container\">\n\t\t\t\t\t\t\t\t\t\t\t\t\t\t\t<img decoding=\"async\" width=\"350\" height=\"350\" src=\"https:\/\/sagalearningprogramme.eu\/wp-content\/uploads\/2022\/03\/M3_U3_img1.jpg\" class=\"attachment-medium_large size-medium_large wp-image-6208\" alt=\"\" srcset=\"https:\/\/sagalearningprogramme.eu\/wp-content\/uploads\/2022\/03\/M3_U3_img1.jpg 350w, https:\/\/sagalearningprogramme.eu\/wp-content\/uploads\/2022\/03\/M3_U3_img1-300x300.jpg 300w, https:\/\/sagalearningprogramme.eu\/wp-content\/uploads\/2022\/03\/M3_U3_img1-100x100.jpg 100w, https:\/\/sagalearningprogramme.eu\/wp-content\/uploads\/2022\/03\/M3_U3_img1-150x150.jpg 150w, https:\/\/sagalearningprogramme.eu\/wp-content\/uploads\/2022\/03\/M3_U3_img1-12x12.jpg 12w, https:\/\/sagalearningprogramme.eu\/wp-content\/uploads\/2022\/03\/M3_U3_img1-75x75.jpg 75w, https:\/\/sagalearningprogramme.eu\/wp-content\/uploads\/2022\/03\/M3_U3_img1-129x129.jpg 129w, https:\/\/sagalearningprogramme.eu\/wp-content\/uploads\/2022\/03\/M3_U3_img1-69x69.jpg 69w\" sizes=\"(max-width: 350px) 100vw, 350px\" \/>\t\t\t\t\t\t\t\t\t\t\t\t\t\t\t<\/div>\n\t\t\t\t<\/div>\n\t\t\t\t<div class=\"elementor-element elementor-element-92dd641 elementor-widget elementor-widget-text-editor\" data-id=\"92dd641\" data-element_type=\"widget\" data-e-type=\"widget\" data-widget_type=\"text-editor.default\">\n\t\t\t\t<div class=\"elementor-widget-container\">\n\t\t\t\t\t\t\t\t\t<p><strong>Vid\u00e9k\u00e9rt Szoci\u00e1lis Sz\u00f6vetkezet\u2013 Kan\u00e1lka Manufakt\u00fara<\/strong><\/p>\n<p>A Vid\u00e9k\u00e9rt Szoci\u00e1lis Sz\u00f6vetkezet Kir\u00e1lyhegyesen m\u0171k\u00f6dik, amely egy 670 f\u0151s kis falu Csongr\u00e1d megy\u00e9ben, a rom\u00e1n hat\u00e1r k\u00f6zel\u00e9ben. A sz\u00f6vetkezet helyi alapanyagokb\u00f3l k\u00e9sz\u00edt k\u00e9zm\u0171ves term\u00e9keket, amelyeket a \"Kan\u00e1lka kr\u00e9mek\" m\u00e1rkan\u00e9v alatt \u00e9rt\u00e9kes\u00edtenek. Ezek k\u00fcl\u00f6nb\u00f6z\u0151 t\u00e9sztasz\u00f3szok, hagymalekv\u00e1rok\/chutney-k, z\u00f6lds\u00e9gkr\u00e9mek. A c\u00e9get egy szegedi jog\u00e1sz-k\u00f6zgazd\u00e1sz testv\u00e9rp\u00e1r alap\u00edtotta, eleinte gy\u00fcm\u00f6lcstermeszt\u00e9ssel foglalkoztak, de Kir\u00e1lyhegyesen tal\u00e1ltak egy bez\u00e1rt gy\u00e1rat. Nagyon megtetszett nekik maga a falu, ahol jellemz\u0151en kev\u00e9s a munkahely, sokan a mez\u0151gazdas\u00e1gb\u00f3l \u00e9lnek, \u00edgy \u00e9rzelmi motiv\u00e1ci\u00f3juk is volt, szerettek volna seg\u00edteni az itt \u00e9l\u0151 embereknek.<\/p>\n<p>A sz\u00f6vetkezet elind\u00edt\u00e1s\u00e1nak c\u00e9lja az volt, hogy meg\u00faj\u00edtsa \u00e9s tov\u00e1bbfejlessze a Kan\u00e1lka kr\u00e9meket, munk\u00e1t teremtsen a helyi lakosoknak, \u00e9s lehet\u0151s\u00e9get biztos\u00edtson a termel\u0151knek a helyben t\u00f6rt\u00e9n\u0151 \u00e9rt\u00e9kes\u00edt\u00e9sre. Emellett fontos sz\u00e1mukra a \"z\u00f6ld\" gondolkod\u00e1sm\u00f3d szem el\u0151tt tart\u00e1sa is.<\/p>\n<p>Mit jelent ebben az esetben a Z\u00d6LD megk\u00f6zel\u00edt\u00e9s?<\/p>\n<ul>\n<li>Minim\u00e1lis hullad\u00e9k termel\u00e9se, mivel a z\u00f6lds\u00e9gek h\u00e9ja komposzt\u00e1l\u00e1sra ker\u00fcl;<\/li>\n<li>M\u0171anyagmentes elj\u00e1r\u00e1sok alkalmaz\u00e1sa;<\/li>\n<li>Szezon\u00e1lis z\u00f6lds\u00e9gek \u00e9s gy\u00fcm\u00f6lcs\u00f6k feldolgoz\u00e1sa, \u00edgy cs\u00f6kkentve a h\u0171t\u0151eszk\u00f6z\u00f6k haszn\u00e1lat\u00e1t;<\/li>\n<li>A Kir\u00e1lyhegyes \u00e9s Budapest k\u00f6z\u00f6tti k\u00f6zleked\u00e9s gyakran telekocsi-szolg\u00e1ltat\u00e1ssal t\u00f6rt\u00e9nik, \u00edgy cs\u00f6kkentve a sz\u00f6vetkezet \u00f6kol\u00f3giai l\u00e1bnyom\u00e1t;<\/li>\n<li>Alkalmazottaik ker\u00e9kp\u00e1rral j\u00e1rnak dolgozni Kir\u00e1lyhegyesre.<\/li>\n<\/ul>\n<p>A v\u00e1llalkoz\u00e1s sz\u00f6vetkezeti form\u00e1ban indult, aminek alapja a tagok k\u00f6z\u00f6tti egy\u00fcttm\u0171k\u00f6d\u00e9s. Szolg\u00e1ltat\u00e1suk fejleszt\u00e9se \u00e9rdek\u00e9ben helyi besz\u00e1ll\u00edt\u00f3 partnerekkel dolgoznak egy\u00fctt. A z\u00f6lds\u00e9g- \u00e9s gy\u00fcm\u00f6lcsbeszerz\u00e9s els\u0151sorban helyi termel\u0151kt\u0151l t\u00f6rt\u00e9nik, \u00e9s ha a mennyis\u00e9g nem elegend\u0151, akkor a k\u00f6rnyez\u0151 telep\u00fcl\u00e9sekr\u0151l is v\u00e1s\u00e1rolnak alapanyagot. Az \u00e9rt\u00e9kes\u00edt\u00e9sben egy\u00fcttm\u0171k\u00f6dnek nagy \u00e1ruh\u00e1zl\u00e1ncokkal, mint a SPAR, M\u00fcller, DM, valamint 70 kisebb \u00e1lland\u00f3 partnerrel: kiskeresked\u0151kkel, boroz\u00f3kkal, hentesekkel, csemegeboltokkal. Az \u00e9rt\u00e9kes\u00edt\u00e9s f\u0151k\u00e9nt Budapestre \u00e9s k\u00f6rny\u00e9k\u00e9re koncentr\u00e1l\u00f3dik.<\/p>\n<p>A helyi \u00f6nkorm\u00e1nyzattal val\u00f3 kapcsolattart\u00e1s is eml\u00edt\u00e9sre m\u00e9lt\u00f3: a falu \u00fcgyeibe val\u00f3 bekapcsol\u00f3d\u00e1s \u00e9s a tov\u00e1bbi fejleszt\u00e9si lehet\u0151s\u00e9gek azonos\u00edt\u00e1sa miatt p\u00e9ld\u00e1ul k\u00f6z\u00f6s munka folyik egy \"Helyi termel\u0151i piac\" kialak\u00edt\u00e1sa \u00e9rdek\u00e9ben. A helyi iskol\u00e1val is egy\u00fcttm\u0171k\u00f6dnek: a gyerekek megl\u00e1togatj\u00e1k a gy\u00e1rat \u00e9s k\u00fcl\u00f6nb\u00f6z\u0151 k\u00e9zm\u0171ves tev\u00e9kenys\u00e9geket pr\u00f3b\u00e1lhatnak ki.<\/p>\n<p>A Kan\u00e1lka vid\u00e9ki v\u00e1llalkoz\u00e1s, annak minden el\u0151ny\u00e9vel \u00e9s h\u00e1tr\u00e1ny\u00e1val. A vezet\u0151s\u00e9g Budapesten van, az alap\u00edt\u00f3k is itt \u00e9lnek, de hetente j\u00e1rnak Kir\u00e1lyhegyesre. A c\u00e9get napi szinten online ir\u00e1ny\u00edtj\u00e1k, minden inform\u00e1ci\u00f3t megosztanak egym\u00e1ssal a Google Drive-on, a termel\u00e9sben \u00e9s a beszerz\u00e9sben dolgoz\u00f3k mindent egyszerre l\u00e1tnak, \u00e9s a Viber csoporton kereszt\u00fcl tartj\u00e1k egym\u00e1ssal a kapcsolatot. J\u00f3l m\u0171k\u00f6d\u0151 rendszer\u00fck van, \u00edgy mindig minden inform\u00e1ci\u00f3t \u00e9s adatot naprak\u00e9szen tartanak.<\/p>\n<p>Azonban a z\u00e1rt kis faluban \u00e9l\u0151 670 ember \u00e9s az \u00f6nkorm\u00e1nyzat hozz\u00e1\u00e1ll\u00e1s\u00e1t is a \"nem megy!\" jellemzi, nagyon pesszimista \u00e9s szkeptikus a k\u00f6z\u00f6ss\u00e9g minden \u00faj kezdem\u00e9nyez\u00e9ssel kapcsolatban, nagyon neh\u00e9z fejleszteni az egy\u00fcttm\u0171k\u00f6d\u00e9si k\u00e9szs\u00e9get, megmozgatni az embereket, m\u00e9g a j\u00f3 c\u00e9lok \u00e9rdek\u00e9ben is. Egy m\u00e1sik nagy kih\u00edv\u00e1s az \u00e1llami szervekkel t\u00f6rt\u00e9n\u0151 p\u00e1ly\u00e1zati egy\u00fcttm\u0171k\u00f6d\u00e9s, mivel az adminisztr\u00e1ci\u00f3 bonyolult \u00e9s neh\u00e9zkes.<\/p>\n<p>A v\u00e1llalkoz\u00e1s beind\u00edt\u00e1sa el\u0151tt c\u00e9lszer\u0171 el\u0151zetesen tapasztalatot szerezni a ter\u00fcleten, nagyon re\u00e1lisan felm\u00e9rni, hogy mennyire \u00e9letk\u00e9pes az \u00f6tlet, sz\u00fcks\u00e9g van e r\u00e1 a piacon, azaz mennyi realit\u00e1sa van az \"\u00e1lomnak\". Nem szabad elfelejteni, hogy a profitorient\u00e1lt \u00e9s a nonprofit megk\u00f6zel\u00edt\u00e9snek egy\u00fctt kell jelen lennie egy ilyen sz\u00f6vetkezetben. Nagyon fontos az \u00fczleti hozz\u00e1\u00e1ll\u00e1s \u00e9s az \u00fczleti tud\u00e1s, \u00e9s persze egy j\u00f3 term\u00e9k, mert t\u00e1mogat\u00e1sokb\u00f3l nem lehet v\u00e1llalkoz\u00e1st \u00e9p\u00edteni.<\/p>\n<p>Fontos a menedzsment, a gazdas\u00e1gi \u00e9s p\u00e9nz\u00fcgyi ismeretek, de az ember ismerete is, pl. a szem\u00e9lyis\u00e9gtipol\u00f3gia seg\u00edthet a konfliktusok kezel\u00e9s\u00e9ben, t\u00e1rgyal\u00e1sok sor\u00e1n, a sikeresebb egy\u00fcttm\u0171k\u00f6d\u00e9sben.<\/p>\n\t\t\t\t\t\t\t\t<\/div>\n\t\t\t\t<\/div>\n\t\t\t\t<div class=\"elementor-element elementor-element-46fb70f elementor-widget-divider--view-line elementor-widget elementor-widget-divider\" data-id=\"46fb70f\" data-element_type=\"widget\" data-e-type=\"widget\" data-widget_type=\"divider.default\">\n\t\t\t\t<div class=\"elementor-widget-container\">\n\t\t\t\t\t\t\t<div class=\"elementor-divider\">\n\t\t\t<span class=\"elementor-divider-separator\">\n\t\t\t\t\t\t<\/span>\n\t\t<\/div>\n\t\t\t\t\t\t<\/div>\n\t\t\t\t<\/div>\n\t\t\t\t\t<\/div>\n\t\t<\/div>\n\t\t\t\t\t<\/div>\n\t\t<\/section>\n\t\t\t\t<section class=\"elementor-section elementor-top-section elementor-element elementor-element-2bad2f5 elementor-section-boxed elementor-section-height-default elementor-section-height-default\" data-id=\"2bad2f5\" data-element_type=\"section\" data-e-type=\"section\">\n\t\t\t\t\t\t<div class=\"elementor-container elementor-column-gap-default\">\n\t\t\t\t\t<div class=\"elementor-column elementor-col-100 elementor-top-column elementor-element elementor-element-a644de8\" data-id=\"a644de8\" data-element_type=\"column\" data-e-type=\"column\">\n\t\t\t<div class=\"elementor-widget-wrap elementor-element-populated\">\n\t\t\t\t\t\t<div class=\"elementor-element elementor-element-c741da9 elementor-widget elementor-widget-heading\" data-id=\"c741da9\" data-element_type=\"widget\" data-e-type=\"widget\" data-widget_type=\"heading.default\">\n\t\t\t\t<div class=\"elementor-widget-container\">\n\t\t\t\t\t<h2 class=\"elementor-heading-title elementor-size-default\">4. TANEGYS\u00c9G<\/h2>\t\t\t\t<\/div>\n\t\t\t\t<\/div>\n\t\t\t\t<div class=\"elementor-element elementor-element-7e42315 elementor-widget elementor-widget-text-editor\" data-id=\"7e42315\" data-element_type=\"widget\" data-e-type=\"widget\" data-widget_type=\"text-editor.default\">\n\t\t\t\t<div class=\"elementor-widget-container\">\n\t\t\t\t\t\t\t\t\t<p>Az al\u00e1bbi esettanulm\u00e1ny Tim Roberts, az Infectious v\u00e1llalalat alap\u00edt\u00f3j\u00e1nak vez\u00e9rigazgat\u00f3j\u00e1nak t\u00f6rt\u00e9net\u00e9t mutatja be. V\u00e1llalkoz\u00f3k\u00e9nt a kezdeti id\u0151szakban nehezen tudta ir\u00e1ny\u00edtani a feladatait \u00e9s \u201c\u00f6nmag\u00e1t\u201d. Amikor Tim az indul\u00f3 v\u00e1llalkoz\u00e1s\u00e1ban visszatekintett a napjaira, nagyon csal\u00f3dott volt \u00f6nmag\u00e1ban, mert \u00fagy \u00e9rezte, hogy  t\u00fal kev\u00e9s eredm\u00e9nyt tud felmutatni az adott napon. Ez nem azt jelenti, hogy fiatal v\u00e1llalkoz\u00f3k\u00e9nt semmit sem csin\u00e1lt, \u00e1m azok a legfontosabb dolgok, amelyekben el\u0151re kellett volna l\u00e9pnie, befejezetlenek maradtak.<\/p>\n<p>Mivel nem volt f\u0151n\u00f6ke, akinek besz\u00e1molhatott volna, nem volt munkat\u00e1rsa, akivel egy\u00fcttm\u0171k\u00f6dhetett volna, \u00e9s nem volt csapata sem, amelyet ir\u00e1ny\u00edthatott volna, egyed\u00fcl kellett boldogulnia, \u00e9s szembe kellett n\u00e9znie a saj\u00e1t \u201ctermel\u00e9kenys\u00e9g\u00e9vel\u201d.Az olyan zavar\u00f3 t\u00e9nyez\u0151k, mint a blogok, a Facebook \u00e9s a Twitter nagyban hozz\u00e1j\u00e1rultak ahhoz, hogy eredm\u00e9nyei alulm\u00falj\u00e1k a k\u00e9pess\u00e9geit.  Az id\u0151 el\u0151rehaladt\u00e1val Tim kifejlesztette azokat az \u00f6nmenedzsel\u00e9si praktik\u00e1kat, amelyek seg\u00edtettek a f\u00f3kusz\u00e1l\u00e1sban, a feladatok sz\u0171r\u00e9s\u00e9ben \u00e9s saj\u00e1t maga elsz\u00e1moltathat\u00f3s\u00e1g\u00e1ban. \nDe hogyan is tudott kijutni a produktivit\u00e1s hi\u00e1ny\u00e1nak hurk\u00e1b\u00f3l?<\/p>\n<p>El\u0151sz\u00f6r is list\u00e1zni kezdett, vagy ahogyan Tim nevezi: elind\u00edtott egy feladatboxot, vagy postal\u00e1d\u00e1t \u201cA feladatboxom az el\u0151szob\u00e1ja mindazon feladatoknak, amiket el akarok v\u00e9gezni. Vannak nagy feladatok, kis feladatok, fontos feladatok, j\u00f6v\u0151beli feladatok, r\u00e9gi feladatok, \u00faj feladatok, munkahelyi feladatok \u00e9s szem\u00e9lyes feladatok. Ez egy \u00f3ri\u00e1si lista, mert minden feladat beleker\u00fcl - mondja Tim.\u201d Ez volt teh\u00e1t az \u00f6nmenedzsel\u00e9s els\u0151 l\u00e9p\u00e9se. Egyszer\u0171en \u00e1tgondolta a fej\u00e9ben l\u00e9v\u0151 \u00f6sszes elint\u00e9zend\u0151 dolgot, \u00e9s fel\u00edrta egy list\u00e1ra.<\/p>\n<p>Tim ma m\u00e1r  \u00fagy kezdi a napot, hogy list\u00e1zza az \u00f6sszes feladat\u00e1t, az\u00e9rt hogy tiszt\u00e1n l\u00e1ssa, mit kell az adott napon elv\u00e9geznie. Megnyitja az e-mailj\u00e9t, \u00e9s beazonos\u00edtja azokat a dolgokat, amelyeket m\u00e9g aznap el akar v\u00e9gezni. Ezek az \u00fan. \"ma-lista\" boxba ker\u00fclnek, mint  a s\u00fcrg\u0151snek \u00e9s fontosnak jel\u00f6lt feladatok. Fontos, hogy meggy\u0151z\u0151dj\u00fcnk arr\u00f3l, hogy a \u201cma-lista\u201d re\u00e1lis, a kevesebb t\u00f6bb elve alapj\u00e1n. Ezut\u00e1n k\u00f6vetkezik a feladatok rangsorol\u00e1sa \u00e9s a sorrend meghat\u00e1roz\u00e1sa.  Tim szerint ez a folyamat legfontosabb r\u00e9sze. \u201cVal\u00f3j\u00e1ban abba a sorrendbe teszem a feladatokat, amelyik sorrendben el fogom v\u00e9gezni \u0151ket.\u201d Tim teh\u00e1t egy \u00fan. \u00fatitervet k\u00e9sz\u00edt a napra, hiszen fontos, hogy  tudjuk, hogy hogyan is fog kin\u00e9zni a napunk. Tim \u00fagy tapasztalta,  hogy az eredm\u00e9nytelens\u00e9g az egyik feladat elv\u00e9gz\u00e9se \u00e9s a m\u00e1sik megkezd\u00e9se k\u00f6z\u00f6tti id\u0151k\u00f6z\u00f6kben \u201cbukkan fel\u201d.  Ebben a r\u00e9sben ugyanis elterel\u0151dik a figyelm\u00fcnk, \u00e9s ha nincs \u00fatiterv\u00fcnk, akkor elker\u00fclj\u00fck a \u201cnem szeretem\u201d feladatok elv\u00e9gz\u00e9s\u00e9t, \u00e9s ezzel elrontjuk a dolgokat. Az tan\u00e1csolja: \u201cHa kor\u00e1n v\u00e9gzel a mai list\u00e1ddal, egyszer\u0171en menj vissza a postal\u00e1d\u00e1dba, \u00e9s adj hozz\u00e1 m\u00e9g n\u00e9h\u00e1nyat! Az \u00f6sszes feladat elv\u00e9gz\u00e9se hozz\u00e1seg\u00edt ahhoz, hogy javuljon a munkamor\u00e1lod.\u201d<\/p>\n\t\t\t\t\t\t\t\t<\/div>\n\t\t\t\t<\/div>\n\t\t\t\t<div class=\"elementor-element elementor-element-ff15012 elementor-widget-divider--view-line elementor-widget elementor-widget-divider\" data-id=\"ff15012\" data-element_type=\"widget\" data-e-type=\"widget\" data-widget_type=\"divider.default\">\n\t\t\t\t<div class=\"elementor-widget-container\">\n\t\t\t\t\t\t\t<div class=\"elementor-divider\">\n\t\t\t<span class=\"elementor-divider-separator\">\n\t\t\t\t\t\t<\/span>\n\t\t<\/div>\n\t\t\t\t\t\t<\/div>\n\t\t\t\t<\/div>\n\t\t\t\t\t<\/div>\n\t\t<\/div>\n\t\t\t\t\t<\/div>\n\t\t<\/section>\n\t\t\t\t<section class=\"elementor-section elementor-top-section elementor-element elementor-element-58a3ba9 elementor-section-boxed elementor-section-height-default elementor-section-height-default\" data-id=\"58a3ba9\" data-element_type=\"section\" data-e-type=\"section\">\n\t\t\t\t\t\t<div class=\"elementor-container elementor-column-gap-default\">\n\t\t\t\t\t<div class=\"elementor-column elementor-col-100 elementor-top-column elementor-element elementor-element-67847b8\" data-id=\"67847b8\" data-element_type=\"column\" data-e-type=\"column\">\n\t\t\t<div class=\"elementor-widget-wrap elementor-element-populated\">\n\t\t\t\t\t\t<div class=\"elementor-element elementor-element-4717dcf elementor-widget elementor-widget-heading\" data-id=\"4717dcf\" data-element_type=\"widget\" data-e-type=\"widget\" data-widget_type=\"heading.default\">\n\t\t\t\t<div class=\"elementor-widget-container\">\n\t\t\t\t\t<h2 class=\"elementor-heading-title elementor-size-default\">5. TANEGYS\u00c9G<\/h2>\t\t\t\t<\/div>\n\t\t\t\t<\/div>\n\t\t\t\t<div class=\"elementor-element elementor-element-e358938 elementor-widget elementor-widget-text-editor\" data-id=\"e358938\" data-element_type=\"widget\" data-e-type=\"widget\" data-widget_type=\"text-editor.default\">\n\t\t\t\t<div class=\"elementor-widget-container\">\n\t\t\t\t\t\t\t\t\t<p>A SAGA projekt \u00e1ltal azonos\u00edtott esettanulm\u00e1nyok egyike sem sz\u00e1molt be arr\u00f3l, hogy konkr\u00e9t t\u00e1rsadalmi hat\u00e1sm\u00e9r\u00e9si eszk\u00f6zt vagy m\u00f3dszert haszn\u00e1lt volna. Ennek ellen\u00e9re t\u00f6bb tanulm\u00e1ny is foglalkozik a szoci\u00e1lis v\u00e1llalkoz\u00e1sok \u00e1ltal el\u00e9rt konkr\u00e9t hat\u00e1sokkal. A legt\u00f6bb szoci\u00e1lis v\u00e1llalkoz\u00e1s a munkahelyteremt\u00e9st vagy a szervezetn\u00e9l dolgoz\u00f3k sz\u00e1m\u00e1ra biztos\u00edtott el\u0151ny\u00f6ket  tekinti t\u00e1rsadalmi hat\u00e1snak, mint p\u00e9ld\u00e1ul az al\u00e1bbi szoci\u00e1lis v\u00e1llalkoz\u00e1sok:<\/p>\n<p>A sz\u00f6vetkezeti szellemis\u00e9gnek megfelel\u0151en a magyarorsz\u00e1gi V\u00f6lgys\u00e9g Kincse Szoci\u00e1lis Sz\u00f6vetkezet tagjai, akik r\u00e9szt vesznek a feldolgoz\u00f3 \u00fczem termel\u00e9si tev\u00e9kenys\u00e9g\u00e9ben, rendszeres fizet\u00e9st kapnak. Ezen t\u00falmen\u0151en biztos, rendszeres j\u00f6vedelemhez jutnak, mivel \u00f6nfoglalkoztat\u00f3k\u00e9nt is tev\u00e9kenykednek. Ugyanakkor a t\u00e9rs\u00e9g gy\u00fcm\u00f6lcstermel\u0151i az \u00fczem feldolgoz\u00e1si tev\u00e9kenys\u00e9g\u00e9n kereszt\u00fcl kieg\u00e9sz\u00edt\u0151 \u00e9rt\u00e9kes\u00edt\u00e9si lehet\u0151s\u00e9ghez jutnak. A sz\u00f6vetkezet a gazdas\u00e1gi tev\u00e9kenys\u00e9g\u00e9n t\u00falmen\u0151en - anyagi lehet\u0151s\u00e9geinek f\u00fcggv\u00e9ny\u00e9ben \u00e9s az els\u0151dleges c\u00e9lok el\u00e9r\u00e9s\u00e9nek vesz\u00e9lyeztet\u00e9se n\u00e9lk\u00fcl - szoci\u00e1lis juttat\u00e1sokat is ny\u00fajt tagjainak, valamint t\u00e1mogatja a tagok kultur\u00e1lis, oktat\u00e1si, k\u00f6zm\u0171vel\u0151d\u00e9si \u00e9s sporttev\u00e9kenys\u00e9g\u00e9t.<\/p>\n<p>A magyarorsz\u00e1gi Fructus Start Tejterm\u00e9k Szoci\u00e1lis Sz\u00f6vetkezet arr\u00f3l sz\u00e1mol be, hogy 5-6 olyan embernek teremtett munk\u00e1t, akik az \u00e1llami foglalkoztat\u00e1si rendszerekb\u0151l ker\u00fcltek \u00e1t.<\/p>\n<p>A szint\u00e9n magyarorsz\u00e1gi M\u00e1rok\u00e9rt Szoci\u00e1lis Sz\u00f6vetkezet a \"F\u00d3KUSZ\" p\u00e1ly\u00e1zat seg\u00edts\u00e9g\u00e9vel 5 f\u0151t foglalkoztatott h\u00e1rom \u00e9vre. Sajnos a vegyesbolton kereszt\u00fcl keletkezett bev\u00e9tel ellen\u00e9re a sz\u00f6vetkezet nem tudott elegend\u0151 j\u00f6vedelmet el\u0151teremteni a tov\u00e1bbi foglalkoztat\u00e1shoz.<\/p>\n<p>A bolg\u00e1r Szoci\u00e1lis Teah\u00e1z 16 \u00e9v feletti fiatalokat foglalkoztat, akiket szakemberek k\u00e9peznek ki annak \u00e9rdek\u00e9ben, hogy olyan munkaszok\u00e1sokat saj\u00e1t\u00edtsanak el, amelyek seg\u00edtenek nekik abban, hogy a programb\u00f3l val\u00f3 kil\u00e9p\u00e9s ut\u00e1n versenyk\u00e9pesek legyenek a munkaer\u0151piacon. Mindegyik\u00fcknek szem\u00e9lyes mentora van, aki gondoskodik a fiatal szem\u00e9lyes fejl\u0151d\u00e9s\u00e9r\u0151l. E tev\u00e9kenys\u00e9g hat\u00e1sa nyomon k\u00f6vethet\u0151 a programjukat sikeresen megval\u00f3s\u00edt\u00f3, szakm\u00e1t szerzett fiatalok k\u00f6r\u00e9ben - t\u00f6bb mint 50%-uk megtal\u00e1lja az \u00fatj\u00e1t, \u00e9s teljesen \u00f6n\u00e1ll\u00f3, tisztess\u00e9ges \u00e9letet \u00e9l.<\/p>\n<p>A bolg\u00e1r SunFarm t\u00e1bor pozit\u00edv k\u00f6rnyezeti hat\u00e1sr\u00f3l sz\u00e1mol be, egy\u00fcttm\u0171k\u00f6dik a Bolg\u00e1r Mad\u00e1rv\u00e9delmi T\u00e1rsas\u00e1ggal - szak\u00e9rt\u0151iket haszn\u00e1lja fel idegenvezet\u0151k\u00e9nt \u00e9s oktat\u00f3k\u00e9nt -, \u00e9s egy\u00fcttm\u0171k\u00f6dik Stambolovo \u00f6nkorm\u00e1nyzat\u00e1val a faluban tal\u00e1lhat\u00f3 kont\u00e9nerek tiszt\u00edt\u00e1s\u00e1ban.<\/p>\n<p>A bolg\u00e1r Maria\u00b4s World alap\u00edtv\u00e1ny az \u00e9tkeztet\u00e9si szolg\u00e1ltat\u00e1sokb\u00f3l sz\u00e1rmaz\u00f3 bev\u00e9teleket az \u00e9rtelmi fogyat\u00e9koss\u00e1ggal \u00e9l\u0151k szakk\u00e9pz\u00e9s\u00e9re ford\u00edtja, \u00e9s t\u00e1mogatja a ny\u00edlt munkaer\u0151piacon val\u00f3 munkakezd\u00e9s\u00fcket.<\/p>\n<p>Sz\u00e1mos p\u00e9lda l\u00e9tezik azonban olyan szoci\u00e1lis v\u00e1llalkoz\u00e1sokr\u00f3l, amelyek egy adott m\u00f3dszert vagy eszk\u00f6zt alkalmaznak a t\u00e1rsadalomra gyakorolt hat\u00e1suk m\u00e9r\u00e9s\u00e9re. Az eszk\u00f6z\u00f6k \u00e9s m\u00f3dszerek kiv\u00e1laszt\u00e1sa alapj\u00e1n ebben a leck\u00e9ben a k\u00f6vetkez\u0151 p\u00e9ld\u00e1k tekinthet\u0151k relev\u00e1nsnak:<\/p>\n<p class=\"translation-block\">A Discovering hands (Felfedez\u0151 kezek) egy t\u00e1rsadalmi v\u00e1llalkoz\u00e1s, amelyet hivatalosan 2012-ben alap\u00edtott Dr. Frank Hoffmann n\u0151gy\u00f3gy\u00e1sz. Azzal a probl\u00e9m\u00e1val szemben kezdett k\u00fczdeni, hogy N\u00e9metorsz\u00e1gban a 40 \u00e9s 44 \u00e9v k\u00f6z\u00f6tti n\u0151k k\u00f6r\u00e9ben a mellr\u00e1k a leggyakoribb hal\u00e1loz\u00e1si ok. L\u00e1t\u00e1ss\u00e9r\u00fclt n\u0151ket k\u00e9pez ki \u00e9s vet be, akik magasan fejlett \u00e9rz\u00e9kszervi k\u00e9pess\u00e9geik seg\u00edts\u00e9g\u00e9vel k\u00e9pesek felismerni a mellr\u00e1k korai jeleit. Ezeket az \u00fagynevezett \"orvosi tapint\u00e1svizsg\u00e1l\u00f3kat\" (MTE) a fogyat\u00e9kkal \u00e9l\u0151k sz\u00e1m\u00e1ra l\u00e9trehozott szakk\u00e9pz\u00e9si k\u00f6zpontokban k\u00e9pzik\tki, \u00e9s az orvosi rendel\u0151kben v\u00e9geznek mellvizsg\u00e1latokat. A Discovering hands 2012-ben vezette be el\u0151sz\u00f6r a t\u00e1rsadalmi hat\u00e1sr\u00f3l sz\u00f3l\u00f3 jelent\u00e9st, amely az ebben a leck\u00e9ben ismertetett GECES-szabv\u00e1nyon alapul. A jelent\u00e9s el\u0151sz\u00f6r a mellr\u00e1k megel\u0151z\u00e9s\u00e9nek \u00e9s felismer\u00e9s\u00e9nek n\u00e9metorsz\u00e1gi kontextus\u00e1t, a szervezet megk\u00f6zel\u00edt\u00e9s\u00e9t \u00e9s m\u0171k\u00f6d\u00e9si m\u00f3dj\u00e1t, a c\u00e9lcsoportokat, a lehet\u0151s\u00e9geiket, az interakci\u00f3ikat \u00e9s a lehets\u00e9ges bev\u00e9teli hozz\u00e1j\u00e1rul\u00e1saikat ismerteti. <a href=\"http:\/\/www.discovering-hands.de\/start\/english-version.html\" target=\"_self\">http:\/\/www.discovering-hands.de\/start\/english-version.html.<\/a><\/p>\n<p>A MillRace IT (Egyes\u00fclt Kir\u00e1lys\u00e1g) fejlett informatikai helysz\u00edni k\u00e9pz\u00e9st ny\u00fajt, \u00e9s ment\u00e1lis probl\u00e9m\u00e1kkal k\u00fczd\u0151 embereket tan\u00edt sz\u00e1m\u00edt\u00f3g\u00e9pek fel\u00faj\u00edt\u00e1s\u00e1ra, karbantart\u00e1s\u00e1ra, szervizel\u00e9s\u00e9re \u00e9s \u00e9p\u00edt\u00e9s\u00e9re. A c\u00e9l az, hogy hidat k\u00e9pezzenek a foglalkoztat\u00e1s fel\u00e9. A MillRace IT hat\u00e1rozott k\u00f6rnyezetv\u00e9delmi k\u00fcldet\u00e9se, hogy \u00fajrahasznos\u00edtja a sz\u00e1m\u00edt\u00f3g\u00e9pes berendez\u00e9seket, \u00e9s megakad\u00e1lyozza, hogy azok a hullad\u00e9klerak\u00f3kba ker\u00fcljenek. A szervezetek 2005-ben az ebben a leck\u00e9ben ismertetett SROI-m\u00f3dszert alkalmazt\u00e1k. Az \u0151 p\u00e9ld\u00e1juk azt mutatja, hogy minden egyes befektetett 1 font ut\u00e1n \u00e9vente 7,40 font t\u00e1rsadalmi \u00e9rt\u00e9k keletkezik a t\u00e1rsadalom sz\u00e1m\u00e1ra a cs\u00f6kkentett eg\u00e9szs\u00e9g\u00fcgyi k\u00f6lts\u00e9gek, a cs\u00f6kkentett ell\u00e1t\u00e1si k\u00f6lts\u00e9gek \u00e9s a beszedett ad\u00f3k n\u00f6veked\u00e9se form\u00e1j\u00e1ban. Az elemz\u00e9sben azonban sz\u00e1mos egy\u00e9b haszon is szerepel, p\u00e9ld\u00e1ul a ment\u00e1lis betegs\u00e9gb\u0151l fel\u00e9p\u00fcl\u0151k \u00f6nbizalm\u00e1nak n\u00f6veked\u00e9se, amely           nem szerepel az elemz\u00e9sben. <a href=\"https:\/\/socialvalueuk.org\/wp-content\/uploads\/2016\/03\/MillRace%20IT%20SROI%20case%20study%202005.pdf\">https:\/\/socialvalueuk.org\/wp-content\/uploads\/2016\/03\/MillRace%20IT%20SROI%20case%20study%202005.pdf<\/a><\/p>\n\t\t\t\t\t\t\t\t<\/div>\n\t\t\t\t<\/div>\n\t\t\t\t<div class=\"elementor-element elementor-element-8aa673b elementor-widget-divider--view-line elementor-widget elementor-widget-divider\" data-id=\"8aa673b\" data-element_type=\"widget\" data-e-type=\"widget\" data-widget_type=\"divider.default\">\n\t\t\t\t<div class=\"elementor-widget-container\">\n\t\t\t\t\t\t\t<div class=\"elementor-divider\">\n\t\t\t<span class=\"elementor-divider-separator\">\n\t\t\t\t\t\t<\/span>\n\t\t<\/div>\n\t\t\t\t\t\t<\/div>\n\t\t\t\t<\/div>\n\t\t\t\t\t<\/div>\n\t\t<\/div>\n\t\t\t\t\t<\/div>\n\t\t<\/section>\n\t\t\t\t<section class=\"elementor-section elementor-top-section elementor-element elementor-element-5076168 elementor-section-boxed elementor-section-height-default elementor-section-height-default\" data-id=\"5076168\" data-element_type=\"section\" data-e-type=\"section\">\n\t\t\t\t\t\t<div class=\"elementor-container elementor-column-gap-default\">\n\t\t\t\t\t<div class=\"elementor-column elementor-col-100 elementor-top-column elementor-element elementor-element-b0af90c\" data-id=\"b0af90c\" data-element_type=\"column\" data-e-type=\"column\">\n\t\t\t<div class=\"elementor-widget-wrap elementor-element-populated\">\n\t\t\t\t\t\t<div class=\"elementor-element elementor-element-891b26d elementor-widget elementor-widget-heading\" data-id=\"891b26d\" data-element_type=\"widget\" data-e-type=\"widget\" data-widget_type=\"heading.default\">\n\t\t\t\t<div class=\"elementor-widget-container\">\n\t\t\t\t\t<h2 class=\"elementor-heading-title elementor-size-default\">6. TANEGYS\u00c9G<\/h2>\t\t\t\t<\/div>\n\t\t\t\t<\/div>\n\t\t\t\t<div class=\"elementor-element elementor-element-6e4f90a elementor-widget elementor-widget-text-editor\" data-id=\"6e4f90a\" data-element_type=\"widget\" data-e-type=\"widget\" data-widget_type=\"text-editor.default\">\n\t\t\t\t<div class=\"elementor-widget-container\">\n\t\t\t\t\t\t\t\t\t<p>Az id\u0151 \u00e9s er\u0151forr\u00e1sok menedzsel\u00e9se mindenki \u00e9let\u00e9ben jelen van a mindennapi tev\u00e9kenys\u00e9gek sor\u00e1n, hiszen sz\u00e1mos id\u0151pontot kell betartanunk, esem\u00e9nyeken jelen\u00fcnk meg, h\u00e1ztart\u00e1st vezet\u00fcnk, dolgozni j\u00e1runk, szabadid\u0151s tev\u00e9kenys\u00e9geket v\u00e9gz\u00fcnk, \u00e9s m\u00e9g sorolhatn\u00e1nk. Ahhoz, hogy mindenhova id\u0151ben meg\u00e9rkezz\u00fcnk \u00e9s lehet\u0151leg csak a nap v\u00e9g\u00e9re f\u00e1radjunk el, be kell osztani id\u0151nket \u00e9s energi\u00e1nkat.<\/p>\n<p>A hat\u00e9kony id\u0151 \u00e9s er\u0151forr\u00e1s menedzsment a munk\u00e1nk, \u00fczlet\u00fcnk vezet\u00e9se sor\u00e1n m\u00e9g kiemelked\u0151bb fontoss\u00e1g\u00fa, hiszen ezek a tev\u00e9kenys\u00e9gek csak napunk egy szelet\u00e9t \u00f6lelik fel, viszont ha ezzel megcs\u00faszunk, akkor az a t\u00f6bbi, szabadid\u0151s, mag\u00e1n\u00e9leti tev\u00e9kenys\u00e9gre is r\u00e1nyomja b\u00e9lyeg\u00e9t. Az al\u00e1bbi p\u00e9lda egy id\u0151menedzsmenthez kapcsol\u00f3d\u00f3 esetet mutat be, amelynek \u00e1ttekint\u00e9se hasznos inform\u00e1ci\u00f3kat ad a lecke meg\u00e9rt\u00e9s\u00e9hez:<\/p>\n<p>Andr\u00e1s t\u00f6bb h\u00f3nap m\u00e9rlegel\u00e9s ut\u00e1n \u00fagy d\u00f6nt, hogy \u00fczleti \u00f6tlet\u00e9t szeretn\u00e9 kipr\u00f3b\u00e1lni a val\u00f3s\u00e1gban is \u00e9s 2 bar\u00e1tj\u00e1val k\u00f6z\u00f6sen szoci\u00e1lis v\u00e1llalkoz\u00e1st alap\u00edtanak. A szervezet megkezdi m\u0171k\u00f6d\u00e9s\u00e9t, teljes\u00edtik megrendel\u00e9seiket a kit\u0171z\u00f6tt t\u00e1rsadalmi c\u00e9lok figyelembe v\u00e9tel\u00e9vel. Ahogy azonban term\u00e9keik ir\u00e1nti kereslet n\u00f6vekszik, Andr\u00e1s azt \u00e9rzi, hogy egyre kev\u00e9sb\u00e9 hat\u00e9kony a munkav\u00e9gz\u00e9se, a feladatok halmoz\u00f3dnak, nincs ideje a csal\u00e1dj\u00e1ra, \u00e1lland\u00f3an cs\u00f6r\u00f6g a telefonja. Elhat\u00e1rozza, hogy seg\u00edts\u00e9get k\u00e9r a hat\u00e9konyabb id\u0151beoszt\u00e1s megtal\u00e1l\u00e1sa \u00e9rdek\u00e9ben egy, a t\u00e9m\u00e1ban j\u00e1rtas ismer\u0151s\u00e9t\u0151l, aki az al\u00e1bbi probl\u00e9m\u00e1kat azonos\u00edtja:<\/p>\n<ul>\n<li>Andr\u00e1s nem tud huzamosabb ideig egy feladatra koncentr\u00e1lni, mert a sz\u00e1mos bej\u00f6v\u0151 h\u00edv\u00e1s \u00e1lland\u00f3an kiz\u00f6kkenti,<\/li>\n<li>F\u00f3kusz\u00e1latlan, zavar\u00f3 k\u00f6r\u00fclm\u00e9nyek k\u00f6z\u00f6tt nem, vagy csak t\u00f6bbsz\u00f6r\u00f6s energia befektet\u00e9ssel lehet hat\u00e9konyan dolgozni,<\/li>\n<li>A t\u00fal\u00f3r\u00e1k megjelen\u00e9se \u00e9s a szabadid\u0151s tev\u00e9kenys\u00e9gek h\u00e1tt\u00e9rbe szorul\u00e1sa egyre jelent\u0151sebb f\u00e1radts\u00e1got eredm\u00e9nyez, ami szint\u00e9n nehez\u00edti a koncentr\u00e1ci\u00f3t,<\/li>\n<li>Otthon a csal\u00e1dot kell el\u0151t\u00e9rbe helyezni \u00e9s nem a munk\u00e1t, mivel a stabil, t\u00e1mogat\u00f3 h\u00e1tt\u00e9r hossz\u00fa t\u00e1von elengedhetetlen,<\/li>\n<li>Nem szabad egy adott napot t\u00faltervezni, az id\u0151beoszt\u00e1s elk\u00e9sz\u00edt\u00e9se sor\u00e1n re\u00e1lis c\u00e9lokat kell kit\u0171zni magunk el\u00e9.<\/li>\n<\/ul>\n<p>Andr\u00e1s megfogadva a javaslatokat elkezdett m\u00e1s szempontok alapj\u00e1n id\u0151beoszt\u00e1st k\u00e9sz\u00edteni \u00e9s r\u00e1j\u00f6tt arra is, hogy vannak olyan feladatok, amelyekkel nem neki kell k\u00f6zvetlen\u00fcl foglalkoznia, hanem deleg\u00e1lhat\u00f3k. A v\u00e1llalkoz\u00e1s t\u00f6bbi tagj\u00e1val egyet\u00e9rt\u00e9sben felvettek egy titk\u00e1rn\u0151t, aki a napi telefonokat bonyol\u00edtja \u00e9s seg\u00edt koll\u00e9g\u00e1inak azokban a tev\u00e9kenys\u00e9gekben, amelyeket \u0151 is hat\u00e9konyan el tud l\u00e1tni.<\/p>\n\t\t\t\t\t\t\t\t<\/div>\n\t\t\t\t<\/div>\n\t\t\t\t\t<\/div>\n\t\t<\/div>\n\t\t\t\t\t<\/div>\n\t\t<\/section>\n\t\t\t\t<\/div>","protected":false},"excerpt":{"rendered":"<p>UNIT 1 The lack of proper organizational skills can negatively influence the running of a business, this is exponentially true in case of social enterprises, where (in ideal case) the focus is on the social mission\/cause and not on the profit. Because although profit is easy to measure, moral, ethical issues are much less quantifiable [&hellip;]<\/p>\n","protected":false},"author":1,"featured_media":0,"parent":0,"menu_order":0,"comment_status":"closed","ping_status":"closed","template":"","meta":{"footnotes":""},"class_list":["post-6368","page","type-page","status-publish","hentry"],"_links":{"self":[{"href":"https:\/\/sagalearningprogramme.eu\/hu\/wp-json\/wp\/v2\/pages\/6368","targetHints":{"allow":["GET"]}}],"collection":[{"href":"https:\/\/sagalearningprogramme.eu\/hu\/wp-json\/wp\/v2\/pages"}],"about":[{"href":"https:\/\/sagalearningprogramme.eu\/hu\/wp-json\/wp\/v2\/types\/page"}],"author":[{"embeddable":true,"href":"https:\/\/sagalearningprogramme.eu\/hu\/wp-json\/wp\/v2\/users\/1"}],"replies":[{"embeddable":true,"href":"https:\/\/sagalearningprogramme.eu\/hu\/wp-json\/wp\/v2\/comments?post=6368"}],"version-history":[{"count":34,"href":"https:\/\/sagalearningprogramme.eu\/hu\/wp-json\/wp\/v2\/pages\/6368\/revisions"}],"predecessor-version":[{"id":6953,"href":"https:\/\/sagalearningprogramme.eu\/hu\/wp-json\/wp\/v2\/pages\/6368\/revisions\/6953"}],"wp:attachment":[{"href":"https:\/\/sagalearningprogramme.eu\/hu\/wp-json\/wp\/v2\/media?parent=6368"}],"curies":[{"name":"wp","href":"https:\/\/api.w.org\/{rel}","templated":true}]}}