{"id":6394,"date":"2022-04-19T07:35:12","date_gmt":"2022-04-19T07:35:12","guid":{"rendered":"https:\/\/sagalearningprogramme.eu\/?page_id=6394"},"modified":"2022-04-19T07:41:56","modified_gmt":"2022-04-19T07:41:56","slug":"module-4","status":"publish","type":"page","link":"https:\/\/sagalearningprogramme.eu\/hu\/module-4\/","title":{"rendered":"4. MODUL"},"content":{"rendered":"<div data-elementor-type=\"wp-page\" data-elementor-id=\"6394\" class=\"elementor elementor-6394\">\n\t\t\t\t\t\t<section class=\"elementor-section elementor-top-section elementor-element elementor-element-67e22775 elementor-section-boxed elementor-section-height-default elementor-section-height-default\" data-id=\"67e22775\" data-element_type=\"section\" data-e-type=\"section\">\n\t\t\t\t\t\t<div class=\"elementor-container elementor-column-gap-default\">\n\t\t\t\t\t<div class=\"elementor-column elementor-col-100 elementor-top-column elementor-element elementor-element-22b59fee\" data-id=\"22b59fee\" data-element_type=\"column\" data-e-type=\"column\">\n\t\t\t<div class=\"elementor-widget-wrap elementor-element-populated\">\n\t\t\t\t\t\t<div class=\"elementor-element elementor-element-2e8f458c elementor-widget elementor-widget-heading\" data-id=\"2e8f458c\" data-element_type=\"widget\" data-e-type=\"widget\" data-widget_type=\"heading.default\">\n\t\t\t\t<div class=\"elementor-widget-container\">\n\t\t\t\t\t<h2 class=\"elementor-heading-title elementor-size-default\">1. TANEGYS\u00c9G<\/h2>\t\t\t\t<\/div>\n\t\t\t\t<\/div>\n\t\t\t\t<div class=\"elementor-element elementor-element-0046b61 elementor-widget elementor-widget-image\" data-id=\"0046b61\" data-element_type=\"widget\" data-e-type=\"widget\" data-widget_type=\"image.default\">\n\t\t\t\t<div class=\"elementor-widget-container\">\n\t\t\t\t\t\t\t\t\t\t\t\t\t\t\t<img fetchpriority=\"high\" decoding=\"async\" width=\"303\" height=\"303\" src=\"https:\/\/sagalearningprogramme.eu\/wp-content\/uploads\/2022\/03\/M4_U1_img1.jpg\" class=\"attachment-large size-large wp-image-6226\" alt=\"\" srcset=\"https:\/\/sagalearningprogramme.eu\/wp-content\/uploads\/2022\/03\/M4_U1_img1.jpg 303w, https:\/\/sagalearningprogramme.eu\/wp-content\/uploads\/2022\/03\/M4_U1_img1-300x300.jpg 300w, https:\/\/sagalearningprogramme.eu\/wp-content\/uploads\/2022\/03\/M4_U1_img1-100x100.jpg 100w, https:\/\/sagalearningprogramme.eu\/wp-content\/uploads\/2022\/03\/M4_U1_img1-150x150.jpg 150w, https:\/\/sagalearningprogramme.eu\/wp-content\/uploads\/2022\/03\/M4_U1_img1-12x12.jpg 12w, https:\/\/sagalearningprogramme.eu\/wp-content\/uploads\/2022\/03\/M4_U1_img1-75x75.jpg 75w, https:\/\/sagalearningprogramme.eu\/wp-content\/uploads\/2022\/03\/M4_U1_img1-129x129.jpg 129w, https:\/\/sagalearningprogramme.eu\/wp-content\/uploads\/2022\/03\/M4_U1_img1-69x69.jpg 69w\" sizes=\"(max-width: 303px) 100vw, 303px\" \/>\t\t\t\t\t\t\t\t\t\t\t\t\t\t\t<\/div>\n\t\t\t\t<\/div>\n\t\t\t\t<div class=\"elementor-element elementor-element-24ed7b2 elementor-widget elementor-widget-text-editor\" data-id=\"24ed7b2\" data-element_type=\"widget\" data-e-type=\"widget\" data-widget_type=\"text-editor.default\">\n\t\t\t\t<div class=\"elementor-widget-container\">\n\t\t\t\t\t\t\t\t\t<p><strong>C\u00e1ceres para Comerselo<\/strong><\/p>\n<p>A C\u00e1ceres para Com\u00e9rselo egy 10 f\u0151n\u00e9l kevesebb alkalmazottat foglalkoztat\u00f3 szervezet, amely sz\u00f6vetkezetk\u00e9nt m\u0171k\u00f6dik \u00e9s 6-10 \u00e9ves tapasztalattal rendelkezik a k\u00f6vetkez\u0151 \u00e1gazatokban: mez\u0151gazdas\u00e1g, erd\u00e9szet \u00e9s hal\u00e1szat, agr\u00e1r-\u00e9lelmiszeripar \u00e9s turizmus, gasztron\u00f3mia, \u00e9lelmiszer-kiskereskedelem \u00e9s konyham\u0171v\u00e9szet, sz\u00f3rakoztat\u00e1s \u00e9s alkot\u00e1s. \u00cdgy a v\u00e1llalat region\u00e1lis szinten (azaz Extremadur\u00e1ban) sz\u00e9les k\u00f6r\u0171 szolg\u00e1ltat\u00e1sokat k\u00edn\u00e1l \u00fcgyfeleinek, amelyek k\u00f6z\u00fcl a k\u00f6vetkez\u0151ket eml\u00edthetj\u00fck:<\/p>\n<ul>\n<li>\u00c9tkeztet\u00e9si szolg\u00e1ltat\u00e1sok<\/li>\n<li>\u00c9lelmiszerek<\/li>\n<li>\u00c9lelmiszer-szolg\u00e1ltat\u00e1sok<\/li>\n<li>Kulin\u00e1ris term\u00e9kek<\/li>\n<li>Kulin\u00e1ris szolg\u00e1ltat\u00e1sok<\/li>\n<li>Szabadid\u0151s szolg\u00e1ltat\u00e1sok<\/li>\n<\/ul>\n<p>Az ACTYVA Sz\u00f6vetkezet egy olyan kezdem\u00e9nyez\u00e9s, amely a termel\u0151, alternat\u00edv \u00e9s szolid\u00e1ris gazdas\u00e1gi projektek, valamint az ezek k\u00f6z\u00f6tti \u00e9s a k\u00f6zvetlen k\u00f6rnyezet\u00fckkel val\u00f3 kapcsolatok l\u00e9trehoz\u00e1s\u00e1nak el\u0151seg\u00edt\u00e9se \u00e9rdek\u00e9ben j\u00f6tt l\u00e9tre, tov\u00e1bb\u00e1 c\u00e9lja, hogy helyi szinten \u00fajraind\u00edtsa a gazdas\u00e1gi folyamatokat Extremadur\u00e1ban. A C\u00e1ceres para Com\u00e9rselo az Extremadurai ACTYVA sz\u00f6vetkezet \u00e9lelmiszer-ell\u00e1t\u00e1si projektje. A term\u00e9kek k\u00f6zvetlen\u00fcl a C\u00e1cereshez lehet\u0151 legk\u00f6zelebb \u00e9l\u0151 termel\u0151kt\u0151l, feldolgoz\u00f3kt\u00f3l sz\u00e1rmaznak, egyes kiv\u00e9telekt\u0151l eltekintve, mint p\u00e9ld\u00e1ul a teljes n\u00e1dcukor. Olyan szerepl\u0151k r\u00e9szei a h\u00e1l\u00f3zatnak, akik t\u00f6bb \u00e9vnyi tapasztalattal rendelkeznek term\u00e9nyeink el\u0151\u00e1ll\u00edt\u00e1s\u00e1ban, annak kezel\u00e9se, forgalmaz\u00e1sa \u00e9s a fogyaszt\u00f3khoz val\u00f3 k\u00f6zvetlen eljuttat\u00e1sa sor\u00e1n k\u00f6r\u00fcltekint\u0151en j\u00e1rnak el \u00e9s \u00fagy d\u00f6nt\u00f6ttek, hogy portf\u00f3li\u00f3jukat egyetlen k\u00f6z\u00f6s k\u00edn\u00e1latba csoportos\u00edtj\u00e1k, valamint a t\u00f6bbi k\u00f6z\u00f6s feladat elv\u00e9gz\u00e9s\u00e9ben hat\u00e9konyan r\u00e9szt vesznek, mik\u00f6zben ugyanazt az egys\u00e9ges filoz\u00f3fi\u00e1t tartj\u00e1k szem el\u0151tt.<\/p>\n<p>A szervezet a term\u00e9kek \u00e9s szolg\u00e1ltat\u00e1sok k\u00f6z\u00f6s tervez\u00e9s\u00e9t \u00e9s k\u00f6z\u00f6s l\u00e9trehoz\u00e1s\u00e1t \u00e9s\/vagy \u00e9rt\u00e9kes\u00edt\u00e9s\u00e9t rendszeresen v\u00e9gzi m\u00e1s szervezetekkel, t\u00f6bbek k\u00f6z\u00f6tt m\u00e1s szoci\u00e1lis v\u00e1llalkoz\u00e1sokkal vagy t\u00e1rsadalmi szervezetekkel, helyi\/region\u00e1lis szint\u0171 hat\u00f3s\u00e1gokkal, mez\u0151gazdas\u00e1gi termel\u0151kkel \u00e9s \u00e9lelmiszertermel\u0151kkel, valamint a vend\u00e9gl\u00e1t\u00f3iparban m\u0171k\u00f6d\u0151 v\u00e1llalatokkal vagy szervezetekkel, nem korm\u00e1nyzati szervezetekkel, oktat\u00e1si szervezetekkel. A fent eml\u00edtett h\u00e1l\u00f3zatban kialak\u00edtott szakmai kapcsolatok \u00e9s k\u00f6lcs\u00f6nhat\u00e1sok az ACTYVA tagjainak f\u00f3rumokon val\u00f3 r\u00e9szv\u00e9tele, m\u00e1s partnerekkel val\u00f3 hivatalos tal\u00e1lkoz\u00f3k, h\u00e1l\u00f3zati rendezv\u00e9nyek, illetve a kifejezetten az egy\u00fcttm\u0171k\u00f6d\u00e9s \u00e9s az innov\u00e1ci\u00f3 \u00e9rdek\u00e9ben szervezett m\u0171helymunk\u00e1kon val\u00f3 r\u00e9szv\u00e9tel r\u00e9v\u00e9n val\u00f3sulnak meg.<\/p>\n<p>A C\u00e1ceres para Com\u00e9rselo-val folytatott besz\u00e9lget\u00e9s sor\u00e1n a vezet\u0151 kiemelte, hogy az egyik f\u0151 kih\u00edv\u00e1s, amellyel szembes\u00fcltek az volt, hogy a k\u00fcl\u00f6nb\u00f6z\u0151 ACTYVA-projektekhez kapcsol\u00f3d\u00f3 munkat\u00e1rsak elk\u00f6telezetts\u00e9ge nem 100%-os \u00e9s ez megnehez\u00edti sz\u00e1mukra az egy\u00fcttm\u0171k\u00f6d\u00e9st a kapcsol\u00f3d\u00f3 \u00e9rdekelt felekkel. Ugyanakkor a tev\u00e9kenys\u00e9g\u00fck sikere szempontj\u00e1b\u00f3l elengedhetetlen az, hogy a rendelkez\u00e9sre \u00e1ll\u00f3 er\u0151forr\u00e1sok mellett k\u00f6z\u00f6ss\u00e9gi tagokt\u00f3l, k\u00fcls\u0151 partnerekt\u0151l, stb. is seg\u00edts\u00e9get kapjanak.<\/p>\n<p>A v\u00e1llalkoz\u00e1si folyamat k\u00f6z\u00f6s megval\u00f3s\u00edt\u00e1s\u00e1b\u00f3l sz\u00e1rmaz\u00f3 el\u0151ny\u00f6k fontos hajt\u00f3erej\u00e9t adj\u00e1k ennek a kezdem\u00e9nyez\u00e9snek. Az alap\u00edt\u00f3 elmond\u00e1sa szerint a koll\u00e9g\u00e1kkal\/bar\u00e1tokkal folytatott inform\u00e1ci\u00f3-\u00e9s tapasztalatcser\u00e9nek (coaching stb.) k\u00f6sz\u00f6nhet\u0151en szerezte meg az \u00fczleti vezet\u00e9ssel, a k\u00f6z\u00f6s alkot\u00e1ssal \u00e9s k\u00f6z\u00f6s munk\u00e1val kapcsolatos ismereteit. R\u00e1mutat arra, hogy sz\u00fcks\u00e9g lenne \u00fczletemberek \u00e9s v\u00e1llalkoz\u00f3k - t\u00e1rsadalmi vagy egy\u00e9b - k\u00e9pz\u00e9s\u00e9re olyan ter\u00fcleteken, mint p\u00e9ld\u00e1ul a teljes \u00e9rt\u00e9kl\u00e1ncot figyelembe vev\u0151, \u00e1tfog\u00f3 egy\u00fcttm\u0171k\u00f6d\u00e9si projektek bels\u0151 ir\u00e1ny\u00edt\u00e1sa. Ez\u00e9rt egyet\u00e9rt azzal, hogy a t\u00e1mogat\u00f3 k\u00f6z\u00f6ss\u00e9g alapvet\u0151 fontoss\u00e1g\u00fa a szoci\u00e1lis v\u00e1llalkoz\u00e1sok fenntarthat\u00f3s\u00e1ga szempontj\u00e1b\u00f3l, mivel azok nem tudnak \u00f6n\u00e1ll\u00f3an \u00e9s a k\u00f6z\u00f6ss\u00e9g\u00fckt\u0151l elszigetelten m\u0171k\u00f6dni.<\/p>\n\t\t\t\t\t\t\t\t<\/div>\n\t\t\t\t<\/div>\n\t\t\t\t<div class=\"elementor-element elementor-element-b0b8ee4 elementor-widget-divider--view-line elementor-widget elementor-widget-divider\" data-id=\"b0b8ee4\" data-element_type=\"widget\" data-e-type=\"widget\" data-widget_type=\"divider.default\">\n\t\t\t\t<div class=\"elementor-widget-container\">\n\t\t\t\t\t\t\t<div class=\"elementor-divider\">\n\t\t\t<span class=\"elementor-divider-separator\">\n\t\t\t\t\t\t<\/span>\n\t\t<\/div>\n\t\t\t\t\t\t<\/div>\n\t\t\t\t<\/div>\n\t\t\t\t\t<\/div>\n\t\t<\/div>\n\t\t\t\t\t<\/div>\n\t\t<\/section>\n\t\t\t\t<section class=\"elementor-section elementor-top-section elementor-element elementor-element-d420fc5 elementor-section-boxed elementor-section-height-default elementor-section-height-default\" data-id=\"d420fc5\" data-element_type=\"section\" data-e-type=\"section\">\n\t\t\t\t\t\t<div class=\"elementor-container elementor-column-gap-default\">\n\t\t\t\t\t<div class=\"elementor-column elementor-col-100 elementor-top-column elementor-element elementor-element-63f9823\" data-id=\"63f9823\" data-element_type=\"column\" data-e-type=\"column\">\n\t\t\t<div class=\"elementor-widget-wrap elementor-element-populated\">\n\t\t\t\t\t\t<div class=\"elementor-element elementor-element-a52f742 elementor-widget elementor-widget-heading\" data-id=\"a52f742\" data-element_type=\"widget\" data-e-type=\"widget\" data-widget_type=\"heading.default\">\n\t\t\t\t<div class=\"elementor-widget-container\">\n\t\t\t\t\t<h2 class=\"elementor-heading-title elementor-size-default\">2. TANEGYS\u00c9G<\/h2>\t\t\t\t<\/div>\n\t\t\t\t<\/div>\n\t\t\t\t<div class=\"elementor-element elementor-element-94f9217 elementor-widget elementor-widget-text-editor\" data-id=\"94f9217\" data-element_type=\"widget\" data-e-type=\"widget\" data-widget_type=\"text-editor.default\">\n\t\t\t\t<div class=\"elementor-widget-container\">\n\t\t\t\t\t\t\t\t\t<p>A megfelel\u0151 vezet\u00e9s a t\u00e1rsadalmi v\u00e1llalkoz\u00e1sok sikeres m\u0171k\u00f6d\u00e9s\u00e9hez is kulcsfontoss\u00e1g\u00fa t\u00e9nyez\u0151. A v\u00e1ltoz\u00e1sok menedzsel\u00e9se, a v\u00e1llalkoz\u00e1s \u00e1ltal k\u00e9pviselt \u00e9rt\u00e9kek k\u00f6zvet\u00edt\u00e9se, a c\u00e9lok kit\u0171z\u00e9se \u00e9s az emberek motiv\u00e1l\u00e1sa a c\u00e9lok el\u00e9r\u00e9se \u00e9rdek\u00e9ben, ezek mind-mind sz\u00fcks\u00e9ges vezet\u0151i alapk\u00e9szs\u00e9gek. A szoci\u00e1lis v\u00e1llalkoz\u00e1sokban kiemelten fontos a vezet\u0151 etika, a feddhetetlens\u00e9g \u00e9s a szak\u00e9rtelem, csak\u00fagy, mint az emp\u00e1tia vagy a \u201cszenved\u00e9ly\u201d. Az emp\u00e1tia \u00e9s a szervezet k\u00fcldet\u00e9se ir\u00e1nti szenved\u00e9ly tal\u00e1n azok a tulajdons\u00e1gok, amelyek legink\u00e1bb megk\u00fcl\u00f6nb\u00f6ztetik a t\u00e1rsadalmi v\u00e1llalkoz\u00e1sok vezet\u0151it m\u00e1s v\u00e1llalati vagy politikai vezet\u0151kt\u0151l.<\/p>\n<p>Az al\u00e1bbi esettanulm\u00e1ny is a fenti vezet\u0151i attit\u0171d kulcsfontoss\u00e1g\u00e1t emeli ki. Az erd\u00e9lyi Sz\u00e1sz csal\u00e1d a falusi turizmus ter\u00fclet\u00e9n tev\u00e9kenykedik. M\u00e9g 2002-ben v\u00e1s\u00e1roltak egy f\u00f6ldet, amelyen egy a hagyom\u00e1nyok szerint meg\u00e9p\u00fclt h\u00e1z \u00e9s egy pajta \u00e1llt. Az\u00f3ta a csal\u00e1d t\u00f6bb ilyen r\u00e9gi h\u00e1zat is megv\u00e1s\u00e1rolt a Ghimes v\u00f6lgyben, melyeket eredeti form\u00e1jukban (hagyom\u00e1ny\u0151rz\u0151 m\u00f3don) \u00e9p\u00edtettek \u00fajj\u00e1. \u00cdgy siker\u00fclt megteremteni\u00fck egy eg\u00e9sz skanzent. K\u00fcldet\u00e9s\u00fck r\u00e9v\u00e9n \u2013 mely az \u00e9p\u00edtett \u00f6r\u00f6ks\u00e9g meg\u0151rz\u00e9se-, j\u00f3 kapcsolatokat tudtak ki\u00e9p\u00edteni a helyiekkel, \u00e9s ez megalapozta a tov\u00e1bbi hossz\u00fa t\u00e1v\u00fa egy\u00fcttm\u0171k\u00f6d\u00e9seket.<\/p>\n<p>A skanzen sz\u00e1ll\u00e1st, \u00e9tkez\u00e9st \u00e9s k\u00fcl\u00f6nb\u00f6z\u0151 programokat k\u00edn\u00e1l a l\u00e1togat\u00f3knak, akiknek lehet\u0151s\u00e9g\u00fck ny\u00edlik arra, hogy a hagyom\u00e1nyos k\u00f6rnyezetben, a hagyom\u00e1nyos gasztron\u00f3mi\u00e1n kereszt\u00fcl megtapasztalj\u00e1k a m\u00faltat. A Sz\u00e1sz csal\u00e1d v\u00e1llalkoz\u00e1sa els\u0151sorban a helyi gazdas\u00e1g t\u00e1mogat\u00e1s\u00e1ra, a helyi emberek foglalkoztat\u00e1s\u00e1ra, a helyi er\u0151forr\u00e1sok felhaszn\u00e1l\u00e1s\u00e1ra, a helyi besz\u00e1ll\u00edt\u00f3kra \u00e9p\u00fcl. Ezen t\u00falmen\u0151en szisztematikusan \u00e9s tudatosan vonj\u00e1k be mind a helyi k\u00f6z\u00f6ss\u00e9get, mind az idel\u00e1togat\u00f3 vend\u00e9geket a programokba \u00e9s az esem\u00e9nyekbe, melyek lehet\u0151s\u00e9get k\u00edn\u00e1lnak a j\u00f6v\u0151beni egy\u00fcttm\u0171k\u00f6d\u00e9sre \u00e9s kapcsolat\u00e9p\u00edt\u00e9sre is. A v\u00e1llalkoz\u00e1s t\u00e9nylegesen seg\u00edti a helyi embereket a magasabb \u00e9letsz\u00ednvonal, a jobb min\u0151s\u00e9g\u0171 \u00e9let el\u00e9r\u00e9s\u00e9ben. A csal\u00e1d t\u00f6rekszik arra, hogy folyamatosan \u00faj perspekt\u00edv\u00e1kat biztos\u00edtson a munkat\u00e1rsak sz\u00e1m\u00e1ra.<\/p>\n<p>Mit\u0151l j\u00f3 vezet\u0151k teh\u00e1t a Sz\u00e1sz csal\u00e1d tagjai? P\u00e9ldak\u00e9nt \u00e1lljon itt a vezet\u00e9s n\u00e9h\u00e1ny kiemelked\u0151 jellemz\u0151je: Elk\u00f6telezettek a k\u00fcldet\u00e9s\u00fck \u00e9s j\u00f6v\u0151k\u00e9p\u00fck megval\u00f3s\u00edt\u00e1sban, amely a helyi kultur\u00e1lis \u00e9rt\u00e9kek \u00e9s a hagyom\u00e1nyok meg\u0151rz\u00e9s\u00e9re f\u00f3kusz\u00e1l, mik\u00f6zben folyamatos meg\u00e9lhet\u00e9si lehet\u0151s\u00e9geket biztos\u00edtanak a helyi k\u00f6z\u00f6ss\u00e9g tagjai sz\u00e1m\u00e1ra. \u00c9rt\u00e9krend\u00fcket \u00e9s \u00e9letszeml\u00e9let\u00fcket -fenntarthat\u00f3 csal\u00e1di turisztikai v\u00e1llalkoz\u00e1s- t\u00e1mogatja a j\u00f3 egy\u00fcttm\u0171k\u00f6d\u00e9si k\u00e9szs\u00e9g\u00fck, lojalit\u00e1suk a k\u00f6z\u00f6ss\u00e9g ir\u00e1nt, rugalmass\u00e1guk, kitart\u00e1suk \u00e9s kreativit\u00e1suk - ami \u00e1lmaikat elind\u00edtotta- \u00e9s nem utols\u00f3sorban b\u00e1tors\u00e1guk, ami a motiv\u00e1ci\u00f3jukat t\u00e1pl\u00e1lta. Ezek a vezet\u00e9shez sz\u00fcks\u00e9ges attit\u0171d\u00f6k \u00e9s k\u00e9szs\u00e9gek a gyakorlatban fejleszthet\u0151ek.<\/p>\n\t\t\t\t\t\t\t\t<\/div>\n\t\t\t\t<\/div>\n\t\t\t\t<div class=\"elementor-element elementor-element-02dcfe3 elementor-widget-divider--view-line elementor-widget elementor-widget-divider\" data-id=\"02dcfe3\" data-element_type=\"widget\" data-e-type=\"widget\" data-widget_type=\"divider.default\">\n\t\t\t\t<div class=\"elementor-widget-container\">\n\t\t\t\t\t\t\t<div class=\"elementor-divider\">\n\t\t\t<span class=\"elementor-divider-separator\">\n\t\t\t\t\t\t<\/span>\n\t\t<\/div>\n\t\t\t\t\t\t<\/div>\n\t\t\t\t<\/div>\n\t\t\t\t\t<\/div>\n\t\t<\/div>\n\t\t\t\t\t<\/div>\n\t\t<\/section>\n\t\t\t\t<section class=\"elementor-section elementor-top-section elementor-element elementor-element-c93ea4c elementor-section-boxed elementor-section-height-default elementor-section-height-default\" data-id=\"c93ea4c\" data-element_type=\"section\" data-e-type=\"section\">\n\t\t\t\t\t\t<div class=\"elementor-container elementor-column-gap-default\">\n\t\t\t\t\t<div class=\"elementor-column elementor-col-100 elementor-top-column elementor-element elementor-element-3843533\" data-id=\"3843533\" data-element_type=\"column\" data-e-type=\"column\">\n\t\t\t<div class=\"elementor-widget-wrap elementor-element-populated\">\n\t\t\t\t\t\t<div class=\"elementor-element elementor-element-dc8e025 elementor-widget elementor-widget-heading\" data-id=\"dc8e025\" data-element_type=\"widget\" data-e-type=\"widget\" data-widget_type=\"heading.default\">\n\t\t\t\t<div class=\"elementor-widget-container\">\n\t\t\t\t\t<h2 class=\"elementor-heading-title elementor-size-default\">3. TANEGYS\u00c9G<\/h2>\t\t\t\t<\/div>\n\t\t\t\t<\/div>\n\t\t\t\t<div class=\"elementor-element elementor-element-7997653 elementor-widget elementor-widget-text-editor\" data-id=\"7997653\" data-element_type=\"widget\" data-e-type=\"widget\" data-widget_type=\"text-editor.default\">\n\t\t\t\t<div class=\"elementor-widget-container\">\n\t\t\t\t\t\t\t\t\t<p>B\u00e1rmely v\u00e1llalkoz\u00f3, f\u00fcggetlen\u00fcl att\u00f3l, hogy melyik orsz\u00e1gb\u00f3l sz\u00e1rmazik, sem tudott volna \u00f6nbizalom n\u00e9lk\u00fcl v\u00e1llalkoz\u00e1sba kezdeni \u00e9s sikeres lenni. Ugyanez igaz a szoci\u00e1lis v\u00e1llalkoz\u00e1sok eset\u00e9ben is, \u00e9ppen ez\u00e9rt a SAGA projekt esettanulm\u00e1nyai k\u00f6z\u00fcl neh\u00e9z kiv\u00e1lasztani egyet, amely jobban szeml\u00e9lteti az \u00f6nbizalom fontoss\u00e1g\u00e1t, mint a b\u00e1rmely m\u00e1sik.<\/p>\n<p class=\"translation-block\">A <a href=\"https:\/\/www.facebook.com\/ZsigmondMalomFogado\/\" target=\"_self\">Zsigmond Malom Panzi\u00f3<\/a> esete elt\u00e9r a t\u00f6bbi, Rom\u00e1ni\u00e1ban \u00f6sszegy\u0171jt\u00f6tt esett\u0151l, mivel mindk\u00e9t tulajdonosnak volt egyetemi diplom\u00e1ja, ami k\u00e9nyelmes meg\u00e9lhet\u00e9st biztos\u00edthatott volna sz\u00e1mukra. A f\u00e9rj testnevel\u0151 tan\u00e1r, a feles\u00e9g gy\u00f3gyszer\u00e9sz, \u00e9s mindk\u00e9t szakma el\u00e9g j\u00f3l fizetett az orsz\u00e1gban. A tulajdonos m\u00e9g azel\u0151tt kipr\u00f3b\u00e1lta mag\u00e1t idegenvezet\u0151k\u00e9nt, hogy ez a foglalkoz\u00e1s n\u00e9pszer\u0171v\u00e9 v\u00e1lt volna, vagy a r\u00e9gi\u00f3 turisztikai szempontb\u00f3l vonz\u00f3 lett volna. Ezek az els\u0151 tapasztalatai adhattak neki kell\u0151 l\u00f6k\u00e9st ahhoz, hogy tov\u00e1bb haladjon az \u00faton, \u00e9s v\u00e1llalkoz\u00f3v\u00e1, pontosabban t\u00e1rsadalmi v\u00e1llalkoz\u00f3v\u00e1 v\u00e1ljon. A kezdeti sikerek pozit\u00edvan hatottak a tulajdonos \u00f6nbizalm\u00e1ra \u00e9s nemcsak azt az el\u00e9gedetts\u00e9get adt\u00e1k neki, hogy idegenvezet\u00e9seket tartatott az \u00e1ltala nagyon szeretett r\u00e9gi\u00f3ban, hanem az \u00fcgyfelekt\u0151l\/vend\u00e9gekt\u0151l kapott visszajelz\u00e9sek is megnyugtatt\u00e1k, hogy ezzel hossz\u00fa t\u00e1von is \u00e9rdemes foglalkoznia. A tulajdonosoknak v\u00e1llalkoz\u00e1suk beind\u00edt\u00e1sa ut\u00e1n azzal kellett szembes\u00fclni\u00fck, hogy a visszat\u00e9r\u0151 vend\u00e9gek sz\u00e1ma megn\u0151tt, sokan rendszeresen visszaj\u00e1rnak, ez a \"jelens\u00e9g\" szint\u00e9n az \u00f6nbizalom n\u00f6vel\u00e9s\u00e9re szolg\u00e1lt. A sz\u0171k piac \u00e9s a folyamatosan v\u00e1ltoz\u00f3 k\u00f6r\u00fclm\u00e9nyek jav\u00edtott\u00e1k alkalmazkod\u00f3k\u00e9pess\u00e9g\u00fcket, seg\u00edtettek nekik egy eg\u00e9szs\u00e9ges \u00f6nbizalom kialak\u00edt\u00e1s\u00e1ban is, hiszen eddig minden neh\u00e9zs\u00e9ggel siker\u00fclt megbirk\u00f3zniuk.<\/p>\n<p>Az \u00f6nbizalom fontoss\u00e1ga a Malom Zsigmond Panzi\u00f3 eredett\u00f6rt\u00e9net\u00e9be is bele van \u00e1gyazva, ha a tulajdonos nem lenne olyan \u00fcgyes, mint amilyen, tal\u00e1n soha nem szerzett volna el\u00e9g \u00f6nbizalmat egy ilyen v\u00e1llalkoz\u00e1s elind\u00edt\u00e1s\u00e1hoz. Meg kell eml\u00edten\u00fcnk a feles\u00e9ge \u00e9s az eg\u00e9sz csal\u00e1d t\u00e1mogat\u00e1s\u00e1t is, akik akt\u00edvan hozz\u00e1j\u00e1rulnak a v\u00e1llalkoz\u00e1s siker\u00e9hez. Mindk\u00e9t tulajdonos \u00faj szenved\u00e9lyt tal\u00e1lt mag\u00e1nak, amelyben kifejlesztett\u00e9k \u00e9s t\u00f6k\u00e9letes\u00edtett\u00e9k magukat. T\u00f6rt\u00e9net\u00fck alapj\u00e1n a folyamatos tanul\u00e1s kulcsfontoss\u00e1g\u00fa eleme lehet az eg\u00e9szs\u00e9ges \u00f6nbizalom kialak\u00edt\u00e1s\u00e1nak.<\/p>\n\t\t\t\t\t\t\t\t<\/div>\n\t\t\t\t<\/div>\n\t\t\t\t<div class=\"elementor-element elementor-element-f3eb6ea elementor-widget-divider--view-line elementor-widget elementor-widget-divider\" data-id=\"f3eb6ea\" data-element_type=\"widget\" data-e-type=\"widget\" data-widget_type=\"divider.default\">\n\t\t\t\t<div class=\"elementor-widget-container\">\n\t\t\t\t\t\t\t<div class=\"elementor-divider\">\n\t\t\t<span class=\"elementor-divider-separator\">\n\t\t\t\t\t\t<\/span>\n\t\t<\/div>\n\t\t\t\t\t\t<\/div>\n\t\t\t\t<\/div>\n\t\t\t\t\t<\/div>\n\t\t<\/div>\n\t\t\t\t\t<\/div>\n\t\t<\/section>\n\t\t\t\t<section class=\"elementor-section elementor-top-section elementor-element elementor-element-62082f4 elementor-section-boxed elementor-section-height-default elementor-section-height-default\" data-id=\"62082f4\" data-element_type=\"section\" data-e-type=\"section\">\n\t\t\t\t\t\t<div class=\"elementor-container elementor-column-gap-default\">\n\t\t\t\t\t<div class=\"elementor-column elementor-col-100 elementor-top-column elementor-element elementor-element-7886fa5\" data-id=\"7886fa5\" data-element_type=\"column\" data-e-type=\"column\">\n\t\t\t<div class=\"elementor-widget-wrap elementor-element-populated\">\n\t\t\t\t\t\t<div class=\"elementor-element elementor-element-621808f elementor-widget elementor-widget-heading\" data-id=\"621808f\" data-element_type=\"widget\" data-e-type=\"widget\" data-widget_type=\"heading.default\">\n\t\t\t\t<div class=\"elementor-widget-container\">\n\t\t\t\t\t<h2 class=\"elementor-heading-title elementor-size-default\">4. TANEGYS\u00c9G<\/h2>\t\t\t\t<\/div>\n\t\t\t\t<\/div>\n\t\t\t\t<div class=\"elementor-element elementor-element-f550b5d elementor-widget elementor-widget-text-editor\" data-id=\"f550b5d\" data-element_type=\"widget\" data-e-type=\"widget\" data-widget_type=\"text-editor.default\">\n\t\t\t\t<div class=\"elementor-widget-container\">\n\t\t\t\t\t\t\t\t\t<p class=\"translation-block\">Az esettanulm\u00e1nyban szerepl\u0151 civil szervezet a v\u00e1ltoz\u00e1selm\u00e9letet (Theory of Change - ToC) h\u00edvta seg\u00edts\u00e9g\u00fcl az id\u0151sek alapvet\u0151 fitts\u00e9gi szintj\u00e9nek fejleszt\u00e9s\u00e9hez Nyugat-J\u00e1v\u00e1n. <a href=\"https:\/\/artemis.im\/theory-of-change-example-in-health\/\" target=\"_self\">https:\/\/artemis.im\/theory-of-change-example-in-health\/<\/a><\/p>\n<p>Ez a nyugat-j\u00e1vai sz\u00e9khely\u0171 civil szervezet egy olyan projektet tervez elind\u00edtani az id\u0151sek sz\u00e1m\u00e1ra, amely az eg\u00e9szs\u00e9gesebb, akt\u00edvabb \u00e9letm\u00f3d kialak\u00edt\u00e1s\u00e1t t\u00e1mogatja. A tervek szerint a projekt 6 h\u00f3napig tart, rendszeres tan\u00e1csad\u00e1st \u00e9s workshopokat k\u00edn\u00e1l az id\u0151seknek a r\u00e9gi\u00f3 egyik legjelent\u0151sebb eg\u00e9szs\u00e9g\u00fcgyi k\u00f6zpontj\u00e1val egy\u00fcttm\u0171k\u00f6dve.\u00a0\u00a0<\/p>\n<p>A civil szervezet \u00e1ltal el\u00e9rend\u0151 hossz\u00fa t\u00e1v\u00fa c\u00e9l teh\u00e1t az, hogy \"seg\u00edtsen az id\u0151s lakosoknak akt\u00edvabb\u00e1 v\u00e1lni\". A v\u00e1ltoz\u00e1selm\u00e9let modellje szerint gondolkodnak, azaz a hossz\u00fat\u00e1v\u00fa c\u00e9l meghat\u00e1roz\u00e1s\u00e1t k\u00f6vet\u0151en, \u00fagymond visszafel\u00e9 haladva t\u00e9rk\u00e9pezik fel a sz\u00fcks\u00e9ges felt\u00e9teleket, hat\u00e1rozz\u00e1k meg a beavatkoz\u00e1sokat \u00e9s dolgozz\u00e1k ki az el\u00e9rend\u0151 mutat\u00f3kat.<\/p>\n<p>Fontos teh\u00e1t, hogy a c\u00e9l el\u00e9r\u00e9s\u00e9t szem el\u0151tt tartva, abb\u00f3l kiindulva hat\u00e1rozz\u00e1k meg a projekthez sz\u00fcks\u00e9ges er\u0151forr\u00e1sokat \u00e9s inputokat, valamint a sz\u00fcks\u00e9ges el\u0151felt\u00e9teleket. El\u0151felt\u00e9telt jelent, hogy a programban r\u00e9sztvev\u0151k m\u00e1r eleve v\u00e9gezzenek valamif\u00e9le k\u00f6nny\u0171 fizikai tev\u00e9kenys\u00e9get, p\u00e9ld\u00e1ul gyors gyalogl\u00e1s, j\u00f3ga, stb. Azoknak, akik \u201cinakt\u00edvak\u201d - azaz nincsenek ilyen el\u0151felt\u00e9teleik-, orvosi igazol\u00e1st kell bemutatniuk a programban val\u00f3 r\u00e9szv\u00e9tel lehet\u0151s\u00e9g\u00e9hez.<\/p>\n<p>A program az al\u00e1bbi folyamat szerint val\u00f3sul meg:<\/p>\n\t\t\t\t\t\t\t\t<\/div>\n\t\t\t\t<\/div>\n\t\t\t\t<div class=\"elementor-element elementor-element-4c50cc2 elementor-widget elementor-widget-image\" data-id=\"4c50cc2\" data-element_type=\"widget\" data-e-type=\"widget\" data-widget_type=\"image.default\">\n\t\t\t\t<div class=\"elementor-widget-container\">\n\t\t\t\t\t\t\t\t\t\t\t\t\t\t\t<img decoding=\"async\" width=\"801\" height=\"1024\" src=\"https:\/\/sagalearningprogramme.eu\/wp-content\/uploads\/2022\/05\/M4U4_hu_a1.png\" class=\"attachment-large size-large wp-image-6160\" alt=\"\" srcset=\"https:\/\/sagalearningprogramme.eu\/wp-content\/uploads\/2022\/05\/M4U4_hu_a1.png 845w, https:\/\/sagalearningprogramme.eu\/wp-content\/uploads\/2022\/05\/M4U4_hu_a1-214x300.png 214w, https:\/\/sagalearningprogramme.eu\/wp-content\/uploads\/2022\/05\/M4U4_hu_a1-731x1024.png 731w, https:\/\/sagalearningprogramme.eu\/wp-content\/uploads\/2022\/05\/M4U4_hu_a1-768x1075.png 768w, https:\/\/sagalearningprogramme.eu\/wp-content\/uploads\/2022\/05\/M4U4_hu_a1-9x12.png 9w, https:\/\/sagalearningprogramme.eu\/wp-content\/uploads\/2022\/05\/M4U4_hu_a1-600x840.png 600w\" sizes=\"(max-width: 801px) 100vw, 801px\" \/>\t\t\t\t\t\t\t\t\t\t\t\t\t\t\t<\/div>\n\t\t\t\t<\/div>\n\t\t\t\t\t<\/div>\n\t\t<\/div>\n\t\t\t\t\t<\/div>\n\t\t<\/section>\n\t\t\t\t<\/div>","protected":false},"excerpt":{"rendered":"<p>UNIT 1 C\u00e1ceres para Comerselo C\u00e1ceres para Com\u00e9rselo is a micro-enterprise of less than 10 employees acting as a cooperative with 6 &#8211; 10 years of experience in sectors such as: agriculture, forestry and fishing, agri-food and tourism, gastronomy, food retail and culinary arts, entertainment and creation. In this way, the company offers a wide [&hellip;]<\/p>\n","protected":false},"author":1,"featured_media":0,"parent":0,"menu_order":0,"comment_status":"closed","ping_status":"closed","template":"","meta":{"footnotes":""},"class_list":["post-6394","page","type-page","status-publish","hentry"],"_links":{"self":[{"href":"https:\/\/sagalearningprogramme.eu\/hu\/wp-json\/wp\/v2\/pages\/6394","targetHints":{"allow":["GET"]}}],"collection":[{"href":"https:\/\/sagalearningprogramme.eu\/hu\/wp-json\/wp\/v2\/pages"}],"about":[{"href":"https:\/\/sagalearningprogramme.eu\/hu\/wp-json\/wp\/v2\/types\/page"}],"author":[{"embeddable":true,"href":"https:\/\/sagalearningprogramme.eu\/hu\/wp-json\/wp\/v2\/users\/1"}],"replies":[{"embeddable":true,"href":"https:\/\/sagalearningprogramme.eu\/hu\/wp-json\/wp\/v2\/comments?post=6394"}],"version-history":[{"count":16,"href":"https:\/\/sagalearningprogramme.eu\/hu\/wp-json\/wp\/v2\/pages\/6394\/revisions"}],"predecessor-version":[{"id":6411,"href":"https:\/\/sagalearningprogramme.eu\/hu\/wp-json\/wp\/v2\/pages\/6394\/revisions\/6411"}],"wp:attachment":[{"href":"https:\/\/sagalearningprogramme.eu\/hu\/wp-json\/wp\/v2\/media?parent=6394"}],"curies":[{"name":"wp","href":"https:\/\/api.w.org\/{rel}","templated":true}]}}